{"id":12939,"date":"2022-08-26T10:23:18","date_gmt":"2022-08-26T08:23:18","guid":{"rendered":"https:\/\/www.missio.at\/jugendaktion\/?post_type=avada_portfolio&#038;p=12939"},"modified":"2025-09-16T16:47:39","modified_gmt":"2025-09-16T14:47:39","slug":"oesterreich-nachhaltigkeit-und-schoepfungsverantwortung","status":"publish","type":"avada_portfolio","link":"https:\/\/www.missio.at\/jugendaktion\/projekte\/oesterreich-nachhaltigkeit-und-schoepfungsverantwortung\/","title":{"rendered":"\u00d6sterreich: Nachhaltigkeit und Sch\u00f6pfungsverantwortung"},"content":{"rendered":"<p><div class=\"fusion-fullwidth fullwidth-box fusion-builder-row-1 fusion-flex-container has-pattern-background has-mask-background hundred-percent-fullwidth non-hundred-percent-height-scrolling fusion-no-small-visibility fusion-no-medium-visibility\" style=\"--awb-border-radius-top-left:0px;--awb-border-radius-top-right:0px;--awb-border-radius-bottom-right:0px;--awb-border-radius-bottom-left:0px;--awb-margin-top:0px;--awb-margin-bottom:0px;--awb-background-color:#ffffff;--awb-flex-wrap:wrap;\" ><div class=\"fusion-builder-row fusion-row fusion-flex-align-items-flex-start fusion-flex-content-wrap\" style=\"width:104% !important;max-width:104% !important;margin-left: calc(-4% \/ 2 );margin-right: calc(-4% \/ 2 );\"><div class=\"fusion-layout-column fusion_builder_column fusion-builder-column-0 fusion_builder_column_1_4 1_4 fusion-flex-column\" style=\"--awb-bg-size:cover;--awb-width-large:25%;--awb-margin-top-large:0px;--awb-spacing-right-large:7.68%;--awb-margin-bottom-large:20px;--awb-spacing-left-large:7.68%;--awb-width-medium:100%;--awb-order-medium:0;--awb-spacing-right-medium:1.92%;--awb-spacing-left-medium:1.92%;--awb-width-small:100%;--awb-order-small:0;--awb-spacing-right-small:1.92%;--awb-spacing-left-small:1.92%;\"><div class=\"fusion-column-wrapper fusion-column-has-shadow fusion-flex-justify-content-flex-start fusion-content-layout-column\"><\/div><\/div><div class=\"fusion-layout-column fusion_builder_column fusion-builder-column-1 fusion_builder_column_1_2 1_2 fusion-flex-column\" style=\"--awb-padding-top:16px;--awb-padding-bottom:27px;--awb-bg-size:cover;--awb-width-large:50%;--awb-margin-top-large:0px;--awb-spacing-right-large:3.84%;--awb-margin-bottom-large:0px;--awb-spacing-left-large:3.84%;--awb-width-medium:100%;--awb-order-medium:0;--awb-spacing-right-medium:1.92%;--awb-spacing-left-medium:28.512%;--awb-width-small:100%;--awb-order-small:0;--awb-spacing-right-small:1.92%;--awb-spacing-left-small:1.92%;\"><div class=\"fusion-column-wrapper fusion-column-has-shadow fusion-flex-justify-content-flex-start fusion-content-layout-column fusion-content-nowrap\"><div class=\"fusion-title title fusion-title-1 fusion-title-text fusion-title-size-one\" style=\"--awb-margin-top:0px;--awb-margin-bottom:0px;--awb-font-size:2.3em;\"><div class=\"title-sep-container title-sep-container-left fusion-no-large-visibility fusion-no-medium-visibility fusion-no-small-visibility\"><div class=\"title-sep sep- sep-solid\" style=\"border-color:#e0dede;\"><\/div><\/div><span class=\"awb-title-spacer fusion-no-large-visibility fusion-no-medium-visibility fusion-no-small-visibility\"><\/span><h1 class=\"fusion-title-heading title-heading-left fusion-responsive-typography-calculated\" style=\"font-family:&quot;Ubuntu&quot;;font-style:normal;font-weight:700;margin:0;font-size:1em;--fontSize:41.4;line-height:1.25;\"><p><span style=\"color: #99cc00\"><strong>\u00d6sterreich:<\/strong><\/span><br \/>\n<strong>Jugend f\u00fcr eine nachhaltige Zukunft!<\/strong><\/p><\/h1><span class=\"awb-title-spacer\"><\/span><div class=\"title-sep-container title-sep-container-right\"><div class=\"title-sep sep- sep-solid\" style=\"border-color:#e0dede;\"><\/div><\/div><\/div><\/div><\/div><\/div><\/div><div class=\"fusion-fullwidth fullwidth-box fusion-builder-row-2 fusion-flex-container has-pattern-background has-mask-background hundred-percent-fullwidth non-hundred-percent-height-scrolling fusion-no-small-visibility fusion-no-medium-visibility\" style=\"--awb-border-radius-top-left:0px;--awb-border-radius-top-right:0px;--awb-border-radius-bottom-right:0px;--awb-border-radius-bottom-left:0px;--awb-padding-top:7px;--awb-padding-bottom:0px;--awb-margin-top:0px;--awb-margin-bottom:0px;--awb-background-color:#a4ca3f;--awb-flex-wrap:wrap;\" ><div class=\"fusion-builder-row fusion-row fusion-flex-align-items-flex-start fusion-flex-content-wrap\" style=\"width:104% !important;max-width:104% !important;margin-left: calc(-4% \/ 2 );margin-right: calc(-4% \/ 2 );\"><div class=\"fusion-layout-column fusion_builder_column fusion-builder-column-2 fusion_builder_column_1_4 1_4 fusion-flex-column\" style=\"--awb-bg-size:cover;--awb-width-large:25%;--awb-margin-top-large:0px;--awb-spacing-right-large:7.68%;--awb-margin-bottom-large:20px;--awb-spacing-left-large:7.68%;--awb-width-medium:100%;--awb-order-medium:0;--awb-spacing-right-medium:1.92%;--awb-spacing-left-medium:1.92%;--awb-width-small:100%;--awb-order-small:0;--awb-spacing-right-small:1.92%;--awb-spacing-left-small:1.92%;\"><div class=\"fusion-column-wrapper fusion-column-has-shadow fusion-flex-justify-content-flex-start fusion-content-layout-column\"><\/div><\/div><div class=\"fusion-layout-column fusion_builder_column fusion-builder-column-3 fusion_builder_column_1_2 1_2 fusion-flex-column\" style=\"--awb-padding-top:5px;--awb-bg-size:cover;--awb-width-large:50%;--awb-margin-top-large:0px;--awb-spacing-right-large:3.84%;--awb-margin-bottom-large:0px;--awb-spacing-left-large:3.84%;--awb-width-medium:100%;--awb-order-medium:0;--awb-spacing-right-medium:1.92%;--awb-spacing-left-medium:27.744%;--awb-width-small:100%;--awb-order-small:0;--awb-spacing-right-small:1.92%;--awb-spacing-left-small:1.92%;\"><div class=\"fusion-column-wrapper fusion-column-has-shadow fusion-flex-justify-content-flex-start fusion-content-layout-column fusion-content-nowrap\"><div class=\"fusion-title title fusion-title-2 fusion-title-text fusion-title-size-one\" style=\"--awb-text-color:#ffffff;--awb-margin-top:0px;--awb-margin-bottom:0px;--awb-font-size:1.6em;\"><div class=\"title-sep-container title-sep-container-left fusion-no-large-visibility fusion-no-medium-visibility fusion-no-small-visibility\"><div class=\"title-sep sep- sep-solid\" style=\"border-color:#e0dede;\"><\/div><\/div><span class=\"awb-title-spacer fusion-no-large-visibility fusion-no-medium-visibility fusion-no-small-visibility\"><\/span><h1 class=\"fusion-title-heading title-heading-left fusion-responsive-typography-calculated\" style=\"font-family:&quot;Ubuntu&quot;;font-style:normal;font-weight:400;margin:0;font-size:1em;--fontSize:28.8;line-height:1.4;\"><h3><span style=\"color: #ffffff\">\u201eWelche Art von Welt wollen wir denen \u00fcberlassen, die nach uns kommen, den Kindern, die gerade aufwachsen?&#8220;<br \/>\n<em>(Papst Franziskus, Laudato Si 160)<\/em><\/span><\/h3><\/h1><span class=\"awb-title-spacer\"><\/span><div class=\"title-sep-container title-sep-container-right\"><div class=\"title-sep sep- sep-solid\" style=\"border-color:#e0dede;\"><\/div><\/div><\/div><\/div><\/div><\/div><\/div><div class=\"fusion-fullwidth fullwidth-box fusion-builder-row-3 fusion-flex-container has-pattern-background has-mask-background hundred-percent-fullwidth non-hundred-percent-height-scrolling fusion-no-small-visibility fusion-no-large-visibility\" style=\"--awb-border-radius-top-left:0px;--awb-border-radius-top-right:0px;--awb-border-radius-bottom-right:0px;--awb-border-radius-bottom-left:0px;--awb-padding-left:54px;--awb-margin-top:0px;--awb-margin-bottom:0px;--awb-background-color:#ffffff;--awb-flex-wrap:wrap;\" ><div class=\"fusion-builder-row fusion-row fusion-flex-align-items-flex-start fusion-flex-content-wrap\" style=\"width:104% !important;max-width:104% !important;margin-left: calc(-4% \/ 2 );margin-right: calc(-4% \/ 2 );\"><div class=\"fusion-layout-column fusion_builder_column fusion-builder-column-4 fusion_builder_column_1_4 1_4 fusion-flex-column fusion-no-small-visibility\" style=\"--awb-bg-size:cover;--awb-width-large:25%;--awb-margin-top-large:0px;--awb-spacing-right-large:7.68%;--awb-margin-bottom-large:20px;--awb-spacing-left-large:7.68%;--awb-width-medium:100%;--awb-order-medium:0;--awb-spacing-right-medium:1.92%;--awb-spacing-left-medium:1.92%;--awb-width-small:100%;--awb-order-small:0;--awb-spacing-right-small:1.92%;--awb-spacing-left-small:1.92%;\"><div class=\"fusion-column-wrapper fusion-column-has-shadow fusion-flex-justify-content-flex-start fusion-content-layout-column\"><\/div><\/div><div class=\"fusion-layout-column fusion_builder_column fusion-builder-column-5 fusion_builder_column_1_2 1_2 fusion-flex-column\" style=\"--awb-padding-top:16px;--awb-padding-bottom:27px;--awb-bg-size:cover;--awb-width-large:50%;--awb-margin-top-large:0px;--awb-spacing-right-large:3.84%;--awb-margin-bottom-large:0px;--awb-spacing-left-large:3.84%;--awb-width-medium:100%;--awb-order-medium:0;--awb-spacing-right-medium:1.92%;--awb-spacing-left-medium:1.92%;--awb-width-small:100%;--awb-order-small:0;--awb-spacing-right-small:1.92%;--awb-spacing-left-small:1.92%;\"><div class=\"fusion-column-wrapper fusion-column-has-shadow fusion-flex-justify-content-flex-start fusion-content-layout-column fusion-content-nowrap\"><div class=\"fusion-title title fusion-title-3 fusion-title-text fusion-title-size-one\" style=\"--awb-margin-top:0px;--awb-margin-bottom:0px;--awb-font-size:2.3em;\"><div class=\"title-sep-container title-sep-container-left fusion-no-large-visibility fusion-no-medium-visibility fusion-no-small-visibility\"><div class=\"title-sep sep- sep-solid\" style=\"border-color:#e0dede;\"><\/div><\/div><span class=\"awb-title-spacer fusion-no-large-visibility fusion-no-medium-visibility fusion-no-small-visibility\"><\/span><h1 class=\"fusion-title-heading title-heading-left fusion-responsive-typography-calculated\" style=\"font-family:&quot;Ubuntu&quot;;font-style:normal;font-weight:700;margin:0;font-size:1em;--fontSize:41.4;line-height:1.25;\"><p><span style=\"color: #99cc00\"><strong>\u00d6sterreich:<\/strong><\/span><br \/>\n<strong>Jugend f\u00fcr eine nachhaltige Zukunft!<\/strong><\/p><\/h1><span class=\"awb-title-spacer\"><\/span><div class=\"title-sep-container title-sep-container-right\"><div class=\"title-sep sep- sep-solid\" style=\"border-color:#e0dede;\"><\/div><\/div><\/div><\/div><\/div><div class=\"fusion-layout-column fusion_builder_column fusion-builder-column-6 fusion_builder_column_1_4 1_4 fusion-flex-column fusion-no-small-visibility\" style=\"--awb-bg-size:cover;--awb-width-large:25%;--awb-margin-top-large:0px;--awb-spacing-right-large:7.68%;--awb-margin-bottom-large:20px;--awb-spacing-left-large:7.68%;--awb-width-medium:100%;--awb-order-medium:0;--awb-spacing-right-medium:1.92%;--awb-spacing-left-medium:1.92%;--awb-width-small:100%;--awb-order-small:0;--awb-spacing-right-small:1.92%;--awb-spacing-left-small:1.92%;\"><div class=\"fusion-column-wrapper fusion-column-has-shadow fusion-flex-justify-content-flex-start fusion-content-layout-column\"><\/div><\/div><\/div><\/div><div class=\"fusion-fullwidth fullwidth-box fusion-builder-row-4 fusion-flex-container has-pattern-background has-mask-background hundred-percent-fullwidth non-hundred-percent-height-scrolling fusion-no-small-visibility fusion-no-large-visibility\" style=\"--awb-border-radius-top-left:0px;--awb-border-radius-top-right:0px;--awb-border-radius-bottom-right:0px;--awb-border-radius-bottom-left:0px;--awb-padding-top:7px;--awb-padding-bottom:0px;--awb-padding-left:54px;--awb-margin-top:0px;--awb-margin-bottom:0px;--awb-background-color:#a4ca3f;--awb-flex-wrap:wrap;\" ><div class=\"fusion-builder-row fusion-row fusion-flex-align-items-flex-start fusion-flex-content-wrap\" style=\"width:104% !important;max-width:104% !important;margin-left: calc(-4% \/ 2 );margin-right: calc(-4% \/ 2 );\"><div class=\"fusion-layout-column fusion_builder_column fusion-builder-column-7 fusion_builder_column_1_4 1_4 fusion-flex-column fusion-no-small-visibility\" style=\"--awb-bg-size:cover;--awb-width-large:25%;--awb-margin-top-large:0px;--awb-spacing-right-large:7.68%;--awb-margin-bottom-large:20px;--awb-spacing-left-large:7.68%;--awb-width-medium:100%;--awb-order-medium:0;--awb-spacing-right-medium:1.92%;--awb-spacing-left-medium:1.92%;--awb-width-small:100%;--awb-order-small:0;--awb-spacing-right-small:1.92%;--awb-spacing-left-small:1.92%;\"><div class=\"fusion-column-wrapper fusion-column-has-shadow fusion-flex-justify-content-flex-start fusion-content-layout-column\"><\/div><\/div><div class=\"fusion-layout-column fusion_builder_column fusion-builder-column-8 fusion_builder_column_1_2 1_2 fusion-flex-column\" style=\"--awb-padding-top:5px;--awb-bg-size:cover;--awb-width-large:50%;--awb-margin-top-large:0px;--awb-spacing-right-large:3.84%;--awb-margin-bottom-large:0px;--awb-spacing-left-large:3.84%;--awb-width-medium:100%;--awb-order-medium:0;--awb-spacing-right-medium:1.92%;--awb-spacing-left-medium:1.92%;--awb-width-small:100%;--awb-order-small:0;--awb-spacing-right-small:1.92%;--awb-spacing-left-small:1.92%;\"><div class=\"fusion-column-wrapper fusion-column-has-shadow fusion-flex-justify-content-flex-start fusion-content-layout-column fusion-content-nowrap\"><div class=\"fusion-title title fusion-title-4 fusion-title-text fusion-title-size-one\" style=\"--awb-text-color:#ffffff;--awb-margin-top:0px;--awb-margin-bottom:0px;--awb-font-size:1.6em;\"><div class=\"title-sep-container title-sep-container-left fusion-no-large-visibility fusion-no-medium-visibility fusion-no-small-visibility\"><div class=\"title-sep sep- sep-solid\" style=\"border-color:#e0dede;\"><\/div><\/div><span class=\"awb-title-spacer fusion-no-large-visibility fusion-no-medium-visibility fusion-no-small-visibility\"><\/span><h1 class=\"fusion-title-heading title-heading-left fusion-responsive-typography-calculated\" style=\"font-family:&quot;Ubuntu&quot;;font-style:normal;font-weight:400;margin:0;font-size:1em;--fontSize:28.8;line-height:1.4;\"><h3><span style=\"color: #ffffff\">\u201eWelche Art von Welt wollen wir denen \u00fcberlassen, die nach uns kommen, den Kindern, die gerade aufwachsen?&#8220;<br \/>\n<em>(Papst Franziskus, Laudato Si 160)<\/em><\/span><\/h3><\/h1><span class=\"awb-title-spacer\"><\/span><div class=\"title-sep-container title-sep-container-right\"><div class=\"title-sep sep- sep-solid\" style=\"border-color:#e0dede;\"><\/div><\/div><\/div><\/div><\/div><div class=\"fusion-layout-column fusion_builder_column fusion-builder-column-9 fusion_builder_column_1_4 1_4 fusion-flex-column fusion-no-small-visibility\" style=\"--awb-bg-size:cover;--awb-width-large:25%;--awb-margin-top-large:0px;--awb-spacing-right-large:7.68%;--awb-margin-bottom-large:20px;--awb-spacing-left-large:7.68%;--awb-width-medium:100%;--awb-order-medium:0;--awb-spacing-right-medium:1.92%;--awb-spacing-left-medium:1.92%;--awb-width-small:100%;--awb-order-small:0;--awb-spacing-right-small:1.92%;--awb-spacing-left-small:1.92%;\"><div class=\"fusion-column-wrapper fusion-column-has-shadow fusion-flex-justify-content-flex-start fusion-content-layout-column\"><\/div><\/div><\/div><\/div><div class=\"fusion-fullwidth fullwidth-box fusion-builder-row-5 fusion-flex-container has-pattern-background has-mask-background hundred-percent-fullwidth non-hundred-percent-height-scrolling fusion-no-medium-visibility fusion-no-large-visibility\" style=\"--awb-border-radius-top-left:0px;--awb-border-radius-top-right:0px;--awb-border-radius-bottom-right:0px;--awb-border-radius-bottom-left:0px;--awb-padding-left:54px;--awb-padding-right-small:29px;--awb-padding-left-small:32px;--awb-margin-top:0px;--awb-margin-bottom:0px;--awb-background-color:#ffffff;--awb-flex-wrap:wrap;\" ><div class=\"fusion-builder-row fusion-row fusion-flex-align-items-flex-start fusion-flex-content-wrap\" style=\"width:104% !important;max-width:104% !important;margin-left: calc(-4% \/ 2 );margin-right: calc(-4% \/ 2 );\"><div class=\"fusion-layout-column fusion_builder_column fusion-builder-column-10 fusion_builder_column_1_1 1_1 fusion-flex-column\" style=\"--awb-padding-top:16px;--awb-padding-bottom:27px;--awb-padding-bottom-small:0px;--awb-padding-left-small:0px;--awb-bg-size:cover;--awb-width-large:100%;--awb-margin-top-large:0px;--awb-spacing-right-large:1.92%;--awb-margin-bottom-large:0px;--awb-spacing-left-large:1.92%;--awb-width-medium:100%;--awb-order-medium:0;--awb-spacing-right-medium:1.92%;--awb-spacing-left-medium:1.92%;--awb-width-small:100%;--awb-order-small:0;--awb-spacing-right-small:0%;--awb-spacing-left-small:0.288%;\"><div class=\"fusion-column-wrapper fusion-column-has-shadow fusion-flex-justify-content-flex-start fusion-content-layout-column fusion-content-nowrap\"><div class=\"fusion-title title fusion-title-5 fusion-title-text fusion-title-size-one\" style=\"--awb-margin-top:0px;--awb-margin-bottom:0px;--awb-font-size:2.3em;\"><div class=\"title-sep-container title-sep-container-left fusion-no-large-visibility fusion-no-medium-visibility fusion-no-small-visibility\"><div class=\"title-sep sep- sep-solid\" style=\"border-color:#e0dede;\"><\/div><\/div><span class=\"awb-title-spacer fusion-no-large-visibility fusion-no-medium-visibility fusion-no-small-visibility\"><\/span><h1 class=\"fusion-title-heading title-heading-left fusion-responsive-typography-calculated\" style=\"font-family:&quot;Ubuntu&quot;;font-style:normal;font-weight:700;margin:0;font-size:1em;--fontSize:41.4;line-height:1.25;\"><div style=\"text-align: center\"><strong style=\"font-size: 1em;letter-spacing: var(--h1_typography-letter-spacing);text-transform: var(--h1_typography-text-transform)\">\u00d6sterreich:<\/strong><\/div>\n<div style=\"text-align: center\"><strong style=\"font-size: 1em;letter-spacing: var(--h1_typography-letter-spacing);text-transform: var(--h1_typography-text-transform)\">Jugend f\u00fcr eine nachhaltige Zukunft!<\/strong><\/div><\/h1><span class=\"awb-title-spacer\"><\/span><div class=\"title-sep-container title-sep-container-right\"><div class=\"title-sep sep- sep-solid\" style=\"border-color:#e0dede;\"><\/div><\/div><\/div><\/div><\/div><\/div><\/div><div class=\"fusion-fullwidth fullwidth-box fusion-builder-row-6 fusion-flex-container has-pattern-background has-mask-background hundred-percent-fullwidth non-hundred-percent-height-scrolling fusion-no-medium-visibility fusion-no-large-visibility\" style=\"--awb-border-radius-top-left:0px;--awb-border-radius-top-right:0px;--awb-border-radius-bottom-right:0px;--awb-border-radius-bottom-left:0px;--awb-padding-top:7px;--awb-padding-bottom:0px;--awb-padding-left:54px;--awb-margin-top:0px;--awb-margin-bottom:0px;--awb-background-color:#a4ca3f;--awb-background-color-small:var(--awb-custom_color_4);--awb-flex-wrap:wrap;\" ><div class=\"fusion-builder-row fusion-row fusion-flex-align-items-flex-start fusion-flex-content-wrap\" style=\"width:104% !important;max-width:104% !important;margin-left: calc(-4% \/ 2 );margin-right: calc(-4% \/ 2 );\"><div class=\"fusion-layout-column fusion_builder_column fusion-builder-column-11 fusion_builder_column_1_1 1_1 fusion-flex-column\" style=\"--awb-padding-top:5px;--awb-padding-bottom-small:0px;--awb-bg-size:cover;--awb-width-large:100%;--awb-margin-top-large:0px;--awb-spacing-right-large:1.92%;--awb-margin-bottom-large:0px;--awb-spacing-left-large:1.92%;--awb-width-medium:100%;--awb-order-medium:0;--awb-spacing-right-medium:1.92%;--awb-spacing-left-medium:1.92%;--awb-width-small:100%;--awb-order-small:0;--awb-spacing-right-small:1.92%;--awb-margin-bottom-small:0px;--awb-spacing-left-small:1.92%;\"><div class=\"fusion-column-wrapper fusion-column-has-shadow fusion-flex-justify-content-flex-start fusion-content-layout-column fusion-content-nowrap\"><div class=\"fusion-title title fusion-title-6 fusion-title-text fusion-title-size-one\" style=\"--awb-text-color:#ffffff;--awb-margin-top:0px;--awb-margin-bottom:0px;--awb-font-size:1.6em;\"><div class=\"title-sep-container title-sep-container-left fusion-no-large-visibility fusion-no-medium-visibility fusion-no-small-visibility\"><div class=\"title-sep sep- sep-solid\" style=\"border-color:#e0dede;\"><\/div><\/div><span class=\"awb-title-spacer fusion-no-large-visibility fusion-no-medium-visibility fusion-no-small-visibility\"><\/span><h1 class=\"fusion-title-heading title-heading-left fusion-responsive-typography-calculated\" style=\"font-family:&quot;Ubuntu&quot;;font-style:normal;font-weight:400;margin:0;font-size:1em;--fontSize:28.8;line-height:1.4;\"><h3><span style=\"color: #ffffff\">\u201eWelche Art von Welt wollen wir denen \u00fcberlassen, die nach uns kommen, den Kindern, die gerade aufwachsen?&#8220;<br \/>\n<em>(Papst Franziskus, Laudato Si 160)<\/em><\/span><\/h3><\/h1><span class=\"awb-title-spacer\"><\/span><div class=\"title-sep-container title-sep-container-right\"><div class=\"title-sep sep- sep-solid\" style=\"border-color:#e0dede;\"><\/div><\/div><\/div><\/div><\/div><\/div><\/div><div class=\"fusion-fullwidth fullwidth-box fusion-builder-row-7 fusion-flex-container has-pattern-background has-mask-background hundred-percent-fullwidth non-hundred-percent-height-scrolling fusion-no-small-visibility fusion-no-medium-visibility\" style=\"--awb-border-radius-top-left:0px;--awb-border-radius-top-right:0px;--awb-border-radius-bottom-right:0px;--awb-border-radius-bottom-left:0px;--awb-padding-top:20px;--awb-background-color:#eaf0d6;--awb-flex-wrap:wrap;\" ><div class=\"fusion-builder-row fusion-row fusion-flex-align-items-flex-start fusion-flex-content-wrap\" style=\"width:104% !important;max-width:104% !important;margin-left: calc(-4% \/ 2 );margin-right: calc(-4% \/ 2 );\"><div class=\"fusion-layout-column fusion_builder_column fusion-builder-column-12 fusion_builder_column_1_4 1_4 fusion-flex-column\" style=\"--awb-bg-size:cover;--awb-width-large:25%;--awb-margin-top-large:0px;--awb-spacing-right-large:7.68%;--awb-margin-bottom-large:20px;--awb-spacing-left-large:7.68%;--awb-width-medium:100%;--awb-order-medium:0;--awb-spacing-right-medium:1.92%;--awb-spacing-left-medium:1.92%;--awb-width-small:100%;--awb-order-small:0;--awb-spacing-right-small:1.92%;--awb-spacing-left-small:1.92%;\"><div class=\"fusion-column-wrapper fusion-column-has-shadow fusion-flex-justify-content-center fusion-content-layout-column\"><div class=\"fusion-image-element \" style=\"--awb-margin-top:-100px;--awb-caption-title-font-family:var(--h2_typography-font-family);--awb-caption-title-font-weight:var(--h2_typography-font-weight);--awb-caption-title-font-style:var(--h2_typography-font-style);--awb-caption-title-size:var(--h2_typography-font-size);--awb-caption-title-transform:var(--h2_typography-text-transform);--awb-caption-title-line-height:var(--h2_typography-line-height);--awb-caption-title-letter-spacing:var(--h2_typography-letter-spacing);\"><span class=\" fusion-imageframe imageframe-dropshadow imageframe-1 hover-type-none\" style=\"border:6px solid #f6f6f6;-webkit-box-shadow: 3px 3px 7px rgba(0,0,0,0.3);box-shadow: 3px 3px 7px rgba(0,0,0,0.3);\"><img decoding=\"async\" width=\"2560\" height=\"1703\" src=\"https:\/\/www.missio.at\/jugendaktion\/wp-content\/uploads\/sites\/4\/2024\/08\/DSC_5446-scaled.jpg\" alt class=\"img-responsive wp-image-18615\" srcset=\"https:\/\/www.missio.at\/jugendaktion\/wp-content\/uploads\/2024\/08\/DSC_5446-200x133.jpg 200w, https:\/\/www.missio.at\/jugendaktion\/wp-content\/uploads\/2024\/08\/DSC_5446-400x266.jpg 400w, https:\/\/www.missio.at\/jugendaktion\/wp-content\/uploads\/2024\/08\/DSC_5446-600x399.jpg 600w, https:\/\/www.missio.at\/jugendaktion\/wp-content\/uploads\/2024\/08\/DSC_5446-800x532.jpg 800w, https:\/\/www.missio.at\/jugendaktion\/wp-content\/uploads\/2024\/08\/DSC_5446-1200x798.jpg 1200w, https:\/\/www.missio.at\/jugendaktion\/wp-content\/uploads\/2024\/08\/DSC_5446-scaled.jpg 2560w\" sizes=\"(max-width: 1680px) 100vw, (max-width: 640px) 100vw, 400px\" \/><\/span><\/div><div class=\"fusion-image-element \" style=\"--awb-margin-top:30px;--awb-caption-title-font-family:var(--h2_typography-font-family);--awb-caption-title-font-weight:var(--h2_typography-font-weight);--awb-caption-title-font-style:var(--h2_typography-font-style);--awb-caption-title-size:var(--h2_typography-font-size);--awb-caption-title-transform:var(--h2_typography-text-transform);--awb-caption-title-line-height:var(--h2_typography-line-height);--awb-caption-title-letter-spacing:var(--h2_typography-letter-spacing);\"><span class=\" fusion-imageframe imageframe-dropshadow imageframe-2 hover-type-none\" style=\"border:6px solid #f6f6f6;-webkit-box-shadow: 3px 3px 7px rgba(0,0,0,0.3);box-shadow: 3px 3px 7px rgba(0,0,0,0.3);\"><img decoding=\"async\" width=\"2560\" height=\"1703\" src=\"https:\/\/www.missio.at\/jugendaktion\/wp-content\/uploads\/sites\/4\/2022\/08\/DSC_5462-scaled.jpg\" alt class=\"img-responsive wp-image-18799\" srcset=\"https:\/\/www.missio.at\/jugendaktion\/wp-content\/uploads\/2022\/08\/DSC_5462-200x133.jpg 200w, https:\/\/www.missio.at\/jugendaktion\/wp-content\/uploads\/2022\/08\/DSC_5462-400x266.jpg 400w, https:\/\/www.missio.at\/jugendaktion\/wp-content\/uploads\/2022\/08\/DSC_5462-600x399.jpg 600w, https:\/\/www.missio.at\/jugendaktion\/wp-content\/uploads\/2022\/08\/DSC_5462-800x532.jpg 800w, https:\/\/www.missio.at\/jugendaktion\/wp-content\/uploads\/2022\/08\/DSC_5462-1200x798.jpg 1200w, https:\/\/www.missio.at\/jugendaktion\/wp-content\/uploads\/2022\/08\/DSC_5462-scaled.jpg 2560w\" sizes=\"(max-width: 1680px) 100vw, (max-width: 640px) 100vw, 400px\" \/><\/span><\/div><\/div><\/div><div class=\"fusion-layout-column fusion_builder_column fusion-builder-column-13 fusion_builder_column_1_2 1_2 fusion-flex-column\" style=\"--awb-bg-size:cover;--awb-width-large:50%;--awb-margin-top-large:0px;--awb-spacing-right-large:3.84%;--awb-margin-bottom-large:20px;--awb-spacing-left-large:3.84%;--awb-width-medium:100%;--awb-order-medium:0;--awb-spacing-right-medium:1.92%;--awb-spacing-left-medium:1.92%;--awb-width-small:100%;--awb-order-small:0;--awb-spacing-right-small:1.92%;--awb-spacing-left-small:1.92%;\"><div class=\"fusion-column-wrapper fusion-column-has-shadow fusion-flex-justify-content-flex-start fusion-content-layout-column\"><div class=\"fusion-text fusion-text-1\"><p>Auch zehn Jahre nach dem p\u00e4pstlichen Schreiben bleibt die Frage aktuell. Gerade in Krisenzeiten ist Franziskus Vision f\u00fcr gerechtes und nachhaltiges Zusammenleben wichtiger denn je.<\/p>\n<p>Die Katholische Jugend \u00d6sterreich macht mit einer neuen Handreichung auf Laudato si aufmerksam und motiviert Jugendliche zu aktivem Einsatz. Gro\u00dfe und kleine Schritte z\u00e4hlen dabei &#8211; die vorgestellten Methoden laden ein, allt\u00e4gliche Konflikte spielerisch neu zu betrachten und so k\u00fcnftig besser damit umzugehen.<\/p>\n<\/div><div class=\"accordian fusion-accordian\" style=\"--awb-border-size:1px;--awb-icon-size:13px;--awb-content-font-size:18px;--awb-icon-alignment:left;--awb-hover-color:var(--awb-color1);--awb-border-color:#2b2b2b;--awb-background-color:var(--awb-custom_color_4);--awb-divider-color:#e0dede;--awb-divider-hover-color:#e0dede;--awb-icon-color:var(--awb-custom_color_4);--awb-title-color:#acc957;--awb-content-color:#000000;--awb-icon-box-color:#333333;--awb-toggle-hover-accent-color:var(--awb-color8);--awb-title-font-family:&quot;Open Sans&quot;;--awb-title-font-weight:700;--awb-title-font-style:normal;--awb-title-font-size:19px;--awb-content-font-family:&quot;Open Sans&quot;;--awb-content-font-style:normal;--awb-content-font-weight:400;\"><div class=\"panel-group fusion-toggle-icon-boxed\" id=\"accordion-12939-1\"><div class=\"fusion-panel panel-default panel-7e1ccbdf4dbaf6859 fusion-toggle-no-divider fusion-toggle-boxed-mode\" style=\"--awb-title-color:var(--awb-custom11);\"><div class=\"panel-heading\"><h4 class=\"panel-title toggle\" id=\"toggle_7e1ccbdf4dbaf6859\"><a aria-expanded=\"false\" aria-controls=\"7e1ccbdf4dbaf6859\" role=\"button\" data-toggle=\"collapse\" data-parent=\"#accordion-12939-1\" data-target=\"#7e1ccbdf4dbaf6859\" href=\"#7e1ccbdf4dbaf6859\"><span class=\"fusion-toggle-icon-wrapper\" aria-hidden=\"true\"><i class=\"fa-fusion-box active-icon awb-icon-minus\" aria-hidden=\"true\"><\/i><i class=\"fa-fusion-box inactive-icon awb-icon-plus\" aria-hidden=\"true\"><\/i><\/span><span class=\"fusion-toggle-heading\">Hier findet ihr die Methoden:<\/span><\/a><\/h4><\/div><div id=\"7e1ccbdf4dbaf6859\" class=\"panel-collapse collapse \" aria-labelledby=\"toggle_7e1ccbdf4dbaf6859\"><div class=\"panel-body toggle-content fusion-clearfix\">\n<p><strong>Einstieg &amp; Auflockerung: <\/strong>Was machst du da?<\/p>\n<p>Personenanzahl: ab 2 Personen<br \/>\nAlter: Ab 12 Jahren<br \/>\nDauer: ca. 5-10 min<br \/>\nBen\u00f6tigte Materialien: keines<br \/>\nRaumvoraussetzungen: keine besonderen Voraussetzungen<\/p>\n<p><strong>Beschreibung:<\/strong><br \/>\nDie Teilnehmenden gehen paarweise zusammen. A fragt B: \u201eWas machst du da?\u201c. B antwortet zum Beispiel \u201eZ\u00e4hne putzen\u201c. Daraufhin beginnt A, Z\u00e4hne putzen pantomimisch darzustellen. Nach ca 10 Sekunden stellt B die Frage an A: \u201eWas machst du da?\u201c. Nun stellt B das Gesagte pantomimisch dar und so weiter. W\u00e4hrend des Fragens werden die jeweiligen T\u00e4tigkeiten nicht unterbrochen.<\/p>\n<p><strong>Zusatz:<\/strong><br \/>\nDas Spiel kann auch mit mehr Personen pro Gruppe oder als eine gro\u00dfe Gruppe gespielt werden. Dabei kann die Frage \u201eWas machst du da?\u201c in beliebiger Reihenfolge gestellt werden.<br \/>\n___________________________________________________________________________<\/p>\n<p><strong>Vertiefung:<\/strong> Forumtheater<\/p>\n<p>Personenanzahl: ab 4 Personen<br \/>\nAlter: Ab 14 Jahren<br \/>\nDauer: ca. 60 min<br \/>\nBen\u00f6tigte Materialien: keines<br \/>\nRaumvoraussetzungen: keine besonderen Voraussetzungen<\/p>\n<p><strong>Beschreibung:<\/strong><br \/>\nDie Teilnehmenden teilen sich in Kleingruppen auf. Jede Kleingruppe \u00fcberlegt sich gemeinsam eine Situation, die ein Gruppenmitglied erlebt hat, die f\u00fcr sie*ihn unangenehm war und einen Konflikt ergeben hat. Zus\u00e4tzlich \u00fcberlegt sich jede Kleingruppe, wie die Situation h\u00e4tte ablaufen k\u00f6nnen, sodass sie positiv bzw. ohne<br \/>\nKonflikt endet. Bei den L\u00f6sungsans\u00e4tzen soll immer wieder die Verbindung zur Realit\u00e4t geschaffen werden \u2013 ist so eine L\u00f6sung m\u00f6glich oder ein reines \u201eHirngespinst\u201c? Was muss passieren bzw. was m\u00fcssen die Beteiligten tun, um die L\u00f6sungen verwirklichen zu k\u00f6nnen?<br \/>\nAnschlie\u00dfend spielt jede Kleingruppe den anderen Teilnehmenden ihre zwei Varianten der Situation vor.<br \/>\nDanach k\u00f6nnen die Teilnehmenden \u00fcber die verschiedenen Varianten und die Hintergr\u00fcnde des Verhaltens der Beteiligten diskutieren. Daraufhin stellt die n\u00e4chste Kleingruppe die zwei Varianten ihrer Situation vor und so weiter.<\/p>\n<p><strong>Zusatz:<\/strong><br \/>\nEine andere M\u00f6glichkeit ist, nur die Konfliktsituation zu \u00fcberlegen und vorzuspielen. Danach beginnt die Kleingruppe von vorne &#8211; dieses Mal k\u00f6nnen die Zuschauenden aber an jeder gew\u00fcnschten Stelle die Situation stoppen, in die Szene einsteigen und die Rolle einer Person \u00fcbernehmen. Sie spielen die Situation nach ihren Vorstellungen weiter, um den Konflikt zu l\u00f6sen. Auch hier soll bedacht werden, dass die L\u00f6sungen realistisch sind. Es k\u00f6nnen beliebig viele Darsteller*innen ausgetauscht bzw. Szenen in ver\u00e4nderter Form wiederholt werden. Die verschiedenen L\u00f6sungsmuster werden danach gemeinsam reflektiert.<br \/>\n___________________________________________________________________________<\/p>\n<p><strong>Abschluss:<\/strong> Kofferreflexion<br \/>\nPersonenanzahl: ab 2 Personen<br \/>\nAlter: Ab 12 Jahren<br \/>\nDauer: ca. 10 &#8211; 15 min<br \/>\nBen\u00f6tigte Materialien: keines; optional: Stifte und Papier<br \/>\nRaumvoraussetzungen: keine besonderen Voraussetzungen<\/p>\n<p><strong>Beschreibung:<\/strong><br \/>\nDie Gruppe kommt im Kreis zusammen. Die Gruppenleitung stellt drei Gegenst\u00e4nde vor, die imagin\u00e4r im Raum platziert werden:<br \/>\n\u2022 Koffer: \u201edas nehme ich mit\u201c \u2013 positive Erfahrungen, die ich mitnehme, die ich umsetzen m\u00f6chte,\u2026<br \/>\n\u2022 K\u00fcbel: \u201edas lasse ich hier\u201c \u2013 negative Dinge, die mir nicht gefallen haben, wo ich mir etwas anderes gew\u00fcnscht h\u00e4tte, \u2026<br \/>\n\u2022 Ablagekorb: \u201edamit kann ich gerade nichts anfangen\u201c \u2013 neutrale Erfahrungen, die ich im Moment noch nicht einordnen kann, \u00fcber die ich sp\u00e4ter nochmal nachdenke<\/p>\n<p>Die Teilnehmenden bekommen ca. 5 Minuten Zeit, um \u00fcber das heute Erlebte nachzudenken und es optional aufzuschreiben. Wenn alle damit fertig sind, sind alle Teilnehmenden dazu eingeladen, nacheinander zu einem der drei Gegenst\u00e4nde zu gehen und ihre Gedanken mit der Gruppe zu teilen oder im Stillen zu reflektieren.<br \/>\n___________________________________________________________________________<\/p>\n<p><a href=\"https:\/\/www.missio.at\/jugendaktion\/wp-content\/uploads\/sites\/4\/2025\/09\/KJOe_Methoden_JUGENDAKTION-2025.pdf\" target=\"_blank\" rel=\"noopener\">Methoden downloaden<\/a><\/p>\n<\/div><\/div><\/div><\/div><\/div><div class=\"fusion-text fusion-text-2\"><p><b>\u201eKlimakrise, Krieg, gesellschaftliche Spaltung &#8211; wir k\u00f6nnen die heutigen Probleme nur gemeinsam l\u00f6sen. F\u00fcr diese gesellschaftlichen Ver\u00e4nderungen tragen Politik und Wirtschaft gro\u00dfe Verantwortung, gleichzeitig haben gerade junge Menschen in den letzten Jahren viel zum positiven Wandel beigetragen. Wir wollen Jugendliche darin best\u00e4rken, sich weiterhin f\u00fcr eine bessere Welt einzusetzen und ihnen daf\u00fcr Handlungsm\u00f6glichkeiten aufzeigen.\u201c<\/b><\/p>\n<p><em>Rafael Haigermoser, <\/em><span style=\"font-family: var(--awb-text-font-family);font-size: var(--awb-font-size);font-style: var(--awb-text-font-style);letter-spacing: var(--awb-letter-spacing);text-align: var(--awb-content-alignment);text-transform: var(--awb-text-transform)\">ehrenamtlicher Vorsitzender der Katholischen Jugend \u00d6sterreich<\/span><\/p>\n<h3 class=\"fusion-responsive-typography-calculated\" style=\"--fontsize: 22;line-height: 1.5;--minfontsize: 22\" data-fontsize=\"22\" data-lineheight=\"33px\"><span style=\"font-family: var(--awb-text-font-family);font-size: var(--awb-font-size);font-style: var(--awb-text-font-style);font-weight: var(--awb-text-font-weight);letter-spacing: var(--awb-letter-spacing);text-align: var(--awb-content-alignment);text-transform: var(--awb-text-transform)\">Zus\u00e4tzlich engagiert sich die Katholische Jugend \u00d6sterreich mit anderen Jugendverb\u00e4nden f\u00fcr nachhaltige Vereinsarbeit. Im Rahmen des Projekts wollen wir:<\/span><\/h3>\n<p>\u2022 <span style=\"font-family: var(--awb-text-font-family);font-size: var(--awb-font-size);font-style: var(--awb-text-font-style);letter-spacing: var(--awb-letter-spacing);text-align: var(--awb-content-alignment);text-transform: var(--awb-text-transform)\"><b>Mutig vorangehen<\/b> und gemeinsam mit anderen <\/span><span style=\"font-family: var(--awb-text-font-family);font-size: var(--awb-font-size);font-style: var(--awb-text-font-style);letter-spacing: var(--awb-letter-spacing);text-align: var(--awb-content-alignment);text-transform: var(--awb-text-transform)\">Jugendverb\u00e4nden nachhaltige Vereinsarbeit vorleben.<\/span><\/p>\n<p style=\"font-family: var(--awb-text-font-family);font-size: var(--awb-font-size);font-style: var(--awb-text-font-style);letter-spacing: var(--awb-letter-spacing);text-align: var(--awb-content-alignment);text-transform: var(--awb-text-transform)\">\u2022 Niederschwellige Wege zur Analyse und <b>Verbesserung der eigenen Vereinsarbeit aufzeigen,<\/b><\/p>\n<p style=\"font-family: var(--awb-text-font-family);font-size: var(--awb-font-size);font-style: var(--awb-text-font-style);letter-spacing: var(--awb-letter-spacing);text-align: var(--awb-content-alignment);text-transform: var(--awb-text-transform)\">\u2022 Jugendliche bef\u00e4higen, sich aktiv dort einzubringen, wo sie <b>mitgestalten k\u00f6nnen <\/b>(z. B. bei Gruppenaktivit\u00e4ten).<\/p>\n<p style=\"font-family: var(--awb-text-font-family);font-size: var(--awb-font-size);font-style: var(--awb-text-font-style);letter-spacing: var(--awb-letter-spacing);text-align: var(--awb-content-alignment);text-transform: var(--awb-text-transform)\">\u2022 <b>Know-how aufbauen<\/b>, das auch in Schule oder Beruf anwendbar ist.<\/p>\n<p style=\"font-family: var(--awb-text-font-family);font-size: var(--awb-font-size);font-style: var(--awb-text-font-style);letter-spacing: var(--awb-letter-spacing);text-align: var(--awb-content-alignment);text-transform: var(--awb-text-transform)\">\u2022 Jugendliche ermutigen, indem sie erleben, dass ihr <b>Einsatz f\u00fcr Nachhaltigkeit <\/b>Strukturen ver\u00e4ndern kann.<\/p>\n<\/div><\/div><\/div><div class=\"fusion-layout-column fusion_builder_column fusion-builder-column-14 fusion_builder_column_1_4 1_4 fusion-flex-column\" style=\"--awb-bg-size:cover;--awb-width-large:25%;--awb-margin-top-large:0px;--awb-spacing-right-large:7.68%;--awb-margin-bottom-large:20px;--awb-spacing-left-large:7.68%;--awb-width-medium:100%;--awb-order-medium:0;--awb-spacing-right-medium:1.92%;--awb-spacing-left-medium:1.92%;--awb-width-small:100%;--awb-order-small:0;--awb-spacing-right-small:1.92%;--awb-spacing-left-small:1.92%;\"><div class=\"fusion-column-wrapper fusion-column-has-shadow fusion-flex-justify-content-center fusion-content-layout-column\"><div class=\"fusion-image-element \" style=\"text-align:center;--awb-margin-top:-40%;--awb-max-width:300px;--awb-caption-title-font-family:var(--h2_typography-font-family);--awb-caption-title-font-weight:var(--h2_typography-font-weight);--awb-caption-title-font-style:var(--h2_typography-font-style);--awb-caption-title-size:var(--h2_typography-font-size);--awb-caption-title-transform:var(--h2_typography-text-transform);--awb-caption-title-line-height:var(--h2_typography-line-height);--awb-caption-title-letter-spacing:var(--h2_typography-letter-spacing);\"><span class=\" fusion-imageframe imageframe-none imageframe-3 hover-type-none\"><img decoding=\"async\" width=\"500\" height=\"567\" title=\"O\u0308sterreich\" src=\"https:\/\/www.missio.at\/jugendaktion\/wp-content\/uploads\/sites\/4\/2022\/08\/O\u0308sterreich.png\" alt class=\"img-responsive wp-image-13642\" srcset=\"https:\/\/www.missio.at\/jugendaktion\/wp-content\/uploads\/2022\/08\/O\u0308sterreich-200x227.png 200w, https:\/\/www.missio.at\/jugendaktion\/wp-content\/uploads\/2022\/08\/O\u0308sterreich-400x454.png 400w, https:\/\/www.missio.at\/jugendaktion\/wp-content\/uploads\/2022\/08\/O\u0308sterreich.png 500w\" sizes=\"(max-width: 1680px) 100vw, (max-width: 640px) 100vw, 400px\" \/><\/span><\/div><div class=\"fusion-image-element \" style=\"--awb-max-width:350px;--awb-caption-title-font-family:var(--h2_typography-font-family);--awb-caption-title-font-weight:var(--h2_typography-font-weight);--awb-caption-title-font-style:var(--h2_typography-font-style);--awb-caption-title-size:var(--h2_typography-font-size);--awb-caption-title-transform:var(--h2_typography-text-transform);--awb-caption-title-line-height:var(--h2_typography-line-height);--awb-caption-title-letter-spacing:var(--h2_typography-letter-spacing);\"><span class=\" fusion-imageframe imageframe-dropshadow imageframe-4 hover-type-none\" style=\"border:8px solid #f6f6f6;-webkit-box-shadow: 3px 3px 7px rgba(0,0,0,0.3);box-shadow: 3px 3px 7px rgba(0,0,0,0.3);\"><img decoding=\"async\" width=\"1920\" height=\"2560\" title=\"Rafael Haigermoser, Vorsitzender der Katholischen Jugend \u00d6sterreich\" src=\"https:\/\/www.missio.at\/jugendaktion\/wp-content\/uploads\/sites\/4\/2024\/08\/credit_KJOe_Matthias-Ludwar_IMG_0190-scaled.jpeg\" alt class=\"img-responsive wp-image-18794\" srcset=\"https:\/\/www.missio.at\/jugendaktion\/wp-content\/uploads\/2024\/08\/credit_KJOe_Matthias-Ludwar_IMG_0190-200x267.jpeg 200w, https:\/\/www.missio.at\/jugendaktion\/wp-content\/uploads\/2024\/08\/credit_KJOe_Matthias-Ludwar_IMG_0190-400x533.jpeg 400w, https:\/\/www.missio.at\/jugendaktion\/wp-content\/uploads\/2024\/08\/credit_KJOe_Matthias-Ludwar_IMG_0190-600x800.jpeg 600w, https:\/\/www.missio.at\/jugendaktion\/wp-content\/uploads\/2024\/08\/credit_KJOe_Matthias-Ludwar_IMG_0190-800x1067.jpeg 800w, https:\/\/www.missio.at\/jugendaktion\/wp-content\/uploads\/2024\/08\/credit_KJOe_Matthias-Ludwar_IMG_0190-1200x1600.jpeg 1200w, https:\/\/www.missio.at\/jugendaktion\/wp-content\/uploads\/2024\/08\/credit_KJOe_Matthias-Ludwar_IMG_0190-scaled.jpeg 1920w\" sizes=\"(max-width: 1680px) 100vw, (max-width: 640px) 100vw, 400px\" \/><\/span><\/div><\/div><\/div><\/div><\/div><div class=\"fusion-fullwidth fullwidth-box fusion-builder-row-8 has-pattern-background has-mask-background hundred-percent-fullwidth non-hundred-percent-height-scrolling fusion-no-small-visibility fusion-no-large-visibility\" style=\"--awb-border-radius-top-left:0px;--awb-border-radius-top-right:0px;--awb-border-radius-bottom-right:0px;--awb-border-radius-bottom-left:0px;--awb-padding-top:20px;--awb-padding-left:54px;--awb-background-color:#eaf0d6;--awb-flex-wrap:wrap;\" ><div class=\"fusion-builder-row fusion-row\"><div class=\"fusion-layout-column fusion_builder_column fusion-builder-column-15 fusion_builder_column_1_4 1_4 fusion-one-fourth fusion-column-first\" style=\"--awb-bg-size:cover;width:25%;width:calc(25% - ( ( 4% + 4% ) * 0.25 ) );margin-right: 4%;\"><div class=\"fusion-column-wrapper fusion-column-has-shadow fusion-flex-column-wrapper-legacy\"><div class=\"fusion-sep-clear\"><\/div><div class=\"fusion-separator fusion-full-width-sep\" style=\"margin-left: auto;margin-right: auto;margin-top:30px;width:100%;\"><\/div><div class=\"fusion-sep-clear\"><\/div><div class=\"fusion-image-element in-legacy-container\" style=\"--awb-margin-top:30px;--awb-caption-title-font-family:var(--h2_typography-font-family);--awb-caption-title-font-weight:var(--h2_typography-font-weight);--awb-caption-title-font-style:var(--h2_typography-font-style);--awb-caption-title-size:var(--h2_typography-font-size);--awb-caption-title-transform:var(--h2_typography-text-transform);--awb-caption-title-line-height:var(--h2_typography-line-height);--awb-caption-title-letter-spacing:var(--h2_typography-letter-spacing);\"><span class=\" fusion-imageframe imageframe-dropshadow imageframe-5 hover-type-none\" style=\"border:6px solid #f6f6f6;-webkit-box-shadow: 3px 3px 7px rgba(0,0,0,0.3);box-shadow: 3px 3px 7px rgba(0,0,0,0.3);\"><img decoding=\"async\" width=\"2560\" height=\"1703\" src=\"https:\/\/www.missio.at\/jugendaktion\/wp-content\/uploads\/sites\/4\/2024\/08\/DSC_5446-scaled.jpg\" alt class=\"img-responsive wp-image-18615\" srcset=\"https:\/\/www.missio.at\/jugendaktion\/wp-content\/uploads\/2024\/08\/DSC_5446-200x133.jpg 200w, https:\/\/www.missio.at\/jugendaktion\/wp-content\/uploads\/2024\/08\/DSC_5446-400x266.jpg 400w, https:\/\/www.missio.at\/jugendaktion\/wp-content\/uploads\/2024\/08\/DSC_5446-600x399.jpg 600w, https:\/\/www.missio.at\/jugendaktion\/wp-content\/uploads\/2024\/08\/DSC_5446-800x532.jpg 800w, https:\/\/www.missio.at\/jugendaktion\/wp-content\/uploads\/2024\/08\/DSC_5446-1200x798.jpg 1200w, https:\/\/www.missio.at\/jugendaktion\/wp-content\/uploads\/2024\/08\/DSC_5446-scaled.jpg 2560w\" sizes=\"(max-width: 800px) 100vw, 400px\" \/><\/span><\/div><div class=\"fusion-image-element in-legacy-container\" style=\"--awb-margin-top:30px;--awb-caption-title-font-family:var(--h2_typography-font-family);--awb-caption-title-font-weight:var(--h2_typography-font-weight);--awb-caption-title-font-style:var(--h2_typography-font-style);--awb-caption-title-size:var(--h2_typography-font-size);--awb-caption-title-transform:var(--h2_typography-text-transform);--awb-caption-title-line-height:var(--h2_typography-line-height);--awb-caption-title-letter-spacing:var(--h2_typography-letter-spacing);\"><span class=\" fusion-imageframe imageframe-dropshadow imageframe-6 hover-type-none\" style=\"border:6px solid #f6f6f6;-webkit-box-shadow: 3px 3px 7px rgba(0,0,0,0.3);box-shadow: 3px 3px 7px rgba(0,0,0,0.3);\"><img decoding=\"async\" width=\"2560\" height=\"1703\" src=\"https:\/\/www.missio.at\/jugendaktion\/wp-content\/uploads\/sites\/4\/2022\/08\/DSC_5462-scaled.jpg\" alt class=\"img-responsive wp-image-18799\" srcset=\"https:\/\/www.missio.at\/jugendaktion\/wp-content\/uploads\/2022\/08\/DSC_5462-200x133.jpg 200w, https:\/\/www.missio.at\/jugendaktion\/wp-content\/uploads\/2022\/08\/DSC_5462-400x266.jpg 400w, https:\/\/www.missio.at\/jugendaktion\/wp-content\/uploads\/2022\/08\/DSC_5462-600x399.jpg 600w, https:\/\/www.missio.at\/jugendaktion\/wp-content\/uploads\/2022\/08\/DSC_5462-800x532.jpg 800w, https:\/\/www.missio.at\/jugendaktion\/wp-content\/uploads\/2022\/08\/DSC_5462-1200x798.jpg 1200w, https:\/\/www.missio.at\/jugendaktion\/wp-content\/uploads\/2022\/08\/DSC_5462-scaled.jpg 2560w\" sizes=\"(max-width: 800px) 100vw, 400px\" \/><\/span><\/div><div class=\"fusion-clearfix\"><\/div><\/div><\/div><div class=\"fusion-layout-column fusion_builder_column fusion-builder-column-16 fusion_builder_column_1_2 1_2 fusion-one-half\" style=\"--awb-bg-size:cover;width:50%;width:calc(50% - ( ( 4% + 4% ) * 0.5 ) );margin-right: 4%;\"><div class=\"fusion-column-wrapper fusion-column-has-shadow fusion-flex-column-wrapper-legacy\"><div class=\"fusion-text fusion-text-3\"><p>Auch zehn Jahre nach dem p\u00e4pstlichen Schreiben bleibt die Frage aktuell. Gerade in Krisenzeiten ist Franziskus Vision f\u00fcr gerechtes und nachhaltiges Zusammenleben wichtiger denn je.<\/p>\n<p>Die Katholische Jugend \u00d6sterreich macht mit einer neuen Handreichung auf Laudato si aufmerksam und motiviert Jugendliche zu aktivem Einsatz. Gro\u00dfe und kleine Schritte z\u00e4hlen dabei &#8211; die vorgestellten Methoden laden ein, allt\u00e4gliche Konflikte spielerisch neu zu betrachten und so k\u00fcnftig besser damit umzugehen.<\/p>\n<\/div><div class=\"accordian fusion-accordian\" style=\"--awb-border-size:1px;--awb-icon-size:13px;--awb-content-font-size:18px;--awb-icon-alignment:left;--awb-hover-color:var(--awb-color1);--awb-border-color:#2b2b2b;--awb-background-color:var(--awb-custom_color_4);--awb-divider-color:#e0dede;--awb-divider-hover-color:#e0dede;--awb-icon-color:var(--awb-custom_color_4);--awb-title-color:#acc957;--awb-content-color:#000000;--awb-icon-box-color:#333333;--awb-toggle-hover-accent-color:var(--awb-color8);--awb-title-font-family:&quot;Open Sans&quot;;--awb-title-font-weight:700;--awb-title-font-style:normal;--awb-title-font-size:19px;--awb-content-font-family:&quot;Open Sans&quot;;--awb-content-font-style:normal;--awb-content-font-weight:400;\"><div class=\"panel-group fusion-toggle-icon-boxed\" id=\"accordion-12939-2\"><div class=\"fusion-panel panel-default panel-dcb71bebee48332fe fusion-toggle-no-divider fusion-toggle-boxed-mode\" style=\"--awb-title-color:var(--awb-custom11);\"><div class=\"panel-heading\"><h4 class=\"panel-title toggle\" id=\"toggle_dcb71bebee48332fe\"><a aria-expanded=\"false\" aria-controls=\"dcb71bebee48332fe\" role=\"button\" data-toggle=\"collapse\" data-parent=\"#accordion-12939-2\" data-target=\"#dcb71bebee48332fe\" href=\"#dcb71bebee48332fe\"><span class=\"fusion-toggle-icon-wrapper\" aria-hidden=\"true\"><i class=\"fa-fusion-box active-icon awb-icon-minus\" aria-hidden=\"true\"><\/i><i class=\"fa-fusion-box inactive-icon awb-icon-plus\" aria-hidden=\"true\"><\/i><\/span><span class=\"fusion-toggle-heading\">Hier findet ihr die Methoden:<\/span><\/a><\/h4><\/div><div id=\"dcb71bebee48332fe\" class=\"panel-collapse collapse \" aria-labelledby=\"toggle_dcb71bebee48332fe\"><div class=\"panel-body toggle-content fusion-clearfix\">\n<p><strong>Einstieg &amp; Auflockerung: <\/strong>Was machst du da?<\/p>\n<p>Personenanzahl: ab 2 Personen<br \/>\nAlter: Ab 12 Jahren<br \/>\nDauer: ca. 5-10 min<br \/>\nBen\u00f6tigte Materialien: keines<br \/>\nRaumvoraussetzungen: keine besonderen Voraussetzungen<\/p>\n<p><strong>Beschreibung:<\/strong><br \/>\nDie Teilnehmenden gehen paarweise zusammen. A fragt B: \u201eWas machst du da?\u201c. B antwortet zum Beispiel \u201eZ\u00e4hne putzen\u201c. Daraufhin beginnt A, Z\u00e4hne putzen pantomimisch darzustellen. Nach ca 10 Sekunden stellt B die Frage an A: \u201eWas machst du da?\u201c. Nun stellt B das Gesagte pantomimisch dar und so weiter. W\u00e4hrend des Fragens werden die jeweiligen T\u00e4tigkeiten nicht unterbrochen.<\/p>\n<p><strong>Zusatz:<\/strong><br \/>\nDas Spiel kann auch mit mehr Personen pro Gruppe oder als eine gro\u00dfe Gruppe gespielt werden. Dabei kann die Frage \u201eWas machst du da?\u201c in beliebiger Reihenfolge gestellt werden.<br \/>\n___________________________________________________________________________<\/p>\n<p><strong>Vertiefung:<\/strong> Forumtheater<\/p>\n<p>Personenanzahl: ab 4 Personen<br \/>\nAlter: Ab 14 Jahren<br \/>\nDauer: ca. 60 min<br \/>\nBen\u00f6tigte Materialien: keines<br \/>\nRaumvoraussetzungen: keine besonderen Voraussetzungen<\/p>\n<p><strong>Beschreibung:<\/strong><br \/>\nDie Teilnehmenden teilen sich in Kleingruppen auf. Jede Kleingruppe \u00fcberlegt sich gemeinsam eine Situation, die ein Gruppenmitglied erlebt hat, die f\u00fcr sie*ihn unangenehm war und einen Konflikt ergeben hat. Zus\u00e4tzlich \u00fcberlegt sich jede Kleingruppe, wie die Situation h\u00e4tte ablaufen k\u00f6nnen, sodass sie positiv bzw. ohne<br \/>\nKonflikt endet. Bei den L\u00f6sungsans\u00e4tzen soll immer wieder die Verbindung zur Realit\u00e4t geschaffen werden \u2013 ist so eine L\u00f6sung m\u00f6glich oder ein reines \u201eHirngespinst\u201c? Was muss passieren bzw. was m\u00fcssen die Beteiligten tun, um die L\u00f6sungen verwirklichen zu k\u00f6nnen?<br \/>\nAnschlie\u00dfend spielt jede Kleingruppe den anderen Teilnehmenden ihre zwei Varianten der Situation vor.<br \/>\nDanach k\u00f6nnen die Teilnehmenden \u00fcber die verschiedenen Varianten und die Hintergr\u00fcnde des Verhaltens der Beteiligten diskutieren. Daraufhin stellt die n\u00e4chste Kleingruppe die zwei Varianten ihrer Situation vor und so weiter.<\/p>\n<p><strong>Zusatz:<\/strong><br \/>\nEine andere M\u00f6glichkeit ist, nur die Konfliktsituation zu \u00fcberlegen und vorzuspielen. Danach beginnt die Kleingruppe von vorne &#8211; dieses Mal k\u00f6nnen die Zuschauenden aber an jeder gew\u00fcnschten Stelle die Situation stoppen, in die Szene einsteigen und die Rolle einer Person \u00fcbernehmen. Sie spielen die Situation nach ihren Vorstellungen weiter, um den Konflikt zu l\u00f6sen. Auch hier soll bedacht werden, dass die L\u00f6sungen realistisch sind. Es k\u00f6nnen beliebig viele Darsteller*innen ausgetauscht bzw. Szenen in ver\u00e4nderter Form wiederholt werden. Die verschiedenen L\u00f6sungsmuster werden danach gemeinsam reflektiert.<br \/>\n___________________________________________________________________________<\/p>\n<p><strong>Abschluss:<\/strong> Kofferreflexion<br \/>\nPersonenanzahl: ab 2 Personen<br \/>\nAlter: Ab 12 Jahren<br \/>\nDauer: ca. 10 &#8211; 15 min<br \/>\nBen\u00f6tigte Materialien: keines; optional: Stifte und Papier<br \/>\nRaumvoraussetzungen: keine besonderen Voraussetzungen<\/p>\n<p><strong>Beschreibung:<\/strong><br \/>\nDie Gruppe kommt im Kreis zusammen. Die Gruppenleitung stellt drei Gegenst\u00e4nde vor, die imagin\u00e4r im Raum platziert werden:<br \/>\n\u2022 Koffer: \u201edas nehme ich mit\u201c \u2013 positive Erfahrungen, die ich mitnehme, die ich umsetzen m\u00f6chte,\u2026<br \/>\n\u2022 K\u00fcbel: \u201edas lasse ich hier\u201c \u2013 negative Dinge, die mir nicht gefallen haben, wo ich mir etwas anderes gew\u00fcnscht h\u00e4tte, \u2026<br \/>\n\u2022 Ablagekorb: \u201edamit kann ich gerade nichts anfangen\u201c \u2013 neutrale Erfahrungen, die ich im Moment noch nicht einordnen kann, \u00fcber die ich sp\u00e4ter nochmal nachdenke<\/p>\n<p>Die Teilnehmenden bekommen ca. 5 Minuten Zeit, um \u00fcber das heute Erlebte nachzudenken und es optional aufzuschreiben. Wenn alle damit fertig sind, sind alle Teilnehmenden dazu eingeladen, nacheinander zu einem der drei Gegenst\u00e4nde zu gehen und ihre Gedanken mit der Gruppe zu teilen oder im Stillen zu reflektieren.<br \/>\n___________________________________________________________________________<\/p>\n<p><a href=\"https:\/\/www.missio.at\/jugendaktion\/wp-content\/uploads\/sites\/4\/2025\/09\/KJOe_Methoden_JUGENDAKTION-2025.pdf\" target=\"_blank\" rel=\"noopener\">Methoden downloaden<\/a><\/p>\n<\/div><\/div><\/div><\/div><\/div><div class=\"fusion-text fusion-text-4\"><p><b>\u201eKlimakrise, Krieg, gesellschaftliche Spaltung &#8211; wir k\u00f6nnen die heutigen Probleme nur gemeinsam l\u00f6sen. F\u00fcr diese gesellschaftlichen Ver\u00e4nderungen tragen Politik und Wirtschaft gro\u00dfe Verantwortung, gleichzeitig haben gerade junge Menschen in den letzten Jahren viel zum positiven Wandel beigetragen. Wir wollen Jugendliche darin best\u00e4rken, sich weiterhin f\u00fcr eine bessere Welt einzusetzen und ihnen daf\u00fcr Handlungsm\u00f6glichkeiten aufzeigen.\u201c<\/b><\/p>\n<p><em>Rafael Haigermoser, <\/em><span style=\"font-family: var(--awb-text-font-family);font-size: var(--awb-font-size);font-style: var(--awb-text-font-style);letter-spacing: var(--awb-letter-spacing);text-align: var(--awb-content-alignment);text-transform: var(--awb-text-transform)\">ehrenamtlicher Vorsitzender der Katholischen Jugend \u00d6sterreich<\/span><\/p>\n<h3 class=\"fusion-responsive-typography-calculated\" style=\"--fontsize: 22;line-height: 1.5;--minfontsize: 22\" data-fontsize=\"22\" data-lineheight=\"33px\"><span style=\"font-family: var(--awb-text-font-family);font-size: var(--awb-font-size);font-style: var(--awb-text-font-style);font-weight: var(--awb-text-font-weight);letter-spacing: var(--awb-letter-spacing);text-align: var(--awb-content-alignment);text-transform: var(--awb-text-transform)\">Zus\u00e4tzlich engagiert sich die Katholische Jugend \u00d6sterreich mit anderen Jugendverb\u00e4nden f\u00fcr nachhaltige Vereinsarbeit. Im Rahmen des Projekts wollen wir:<\/span><\/h3>\n<p>\u2022 <span style=\"font-family: var(--awb-text-font-family);font-size: var(--awb-font-size);font-style: var(--awb-text-font-style);letter-spacing: var(--awb-letter-spacing);text-align: var(--awb-content-alignment);text-transform: var(--awb-text-transform)\"><b>Mutig vorangehen<\/b> und gemeinsam mit anderen <\/span><span style=\"font-family: var(--awb-text-font-family);font-size: var(--awb-font-size);font-style: var(--awb-text-font-style);letter-spacing: var(--awb-letter-spacing);text-align: var(--awb-content-alignment);text-transform: var(--awb-text-transform)\">Jugendverb\u00e4nden nachhaltige Vereinsarbeit vorleben.<\/span><\/p>\n<p style=\"font-family: var(--awb-text-font-family);font-size: var(--awb-font-size);font-style: var(--awb-text-font-style);letter-spacing: var(--awb-letter-spacing);text-align: var(--awb-content-alignment);text-transform: var(--awb-text-transform)\">\u2022 Niederschwellige Wege zur Analyse und <b>Verbesserung der eigenen Vereinsarbeit aufzeigen,<\/b><\/p>\n<p style=\"font-family: var(--awb-text-font-family);font-size: var(--awb-font-size);font-style: var(--awb-text-font-style);letter-spacing: var(--awb-letter-spacing);text-align: var(--awb-content-alignment);text-transform: var(--awb-text-transform)\">\u2022 Jugendliche bef\u00e4higen, sich aktiv dort einzubringen, wo sie <b>mitgestalten k\u00f6nnen <\/b>(z. B. bei Gruppenaktivit\u00e4ten).<\/p>\n<p style=\"font-family: var(--awb-text-font-family);font-size: var(--awb-font-size);font-style: var(--awb-text-font-style);letter-spacing: var(--awb-letter-spacing);text-align: var(--awb-content-alignment);text-transform: var(--awb-text-transform)\">\u2022 <b>Know-how aufbauen<\/b>, das auch in Schule oder Beruf anwendbar ist.<\/p>\n<p style=\"font-family: var(--awb-text-font-family);font-size: var(--awb-font-size);font-style: var(--awb-text-font-style);letter-spacing: var(--awb-letter-spacing);text-align: var(--awb-content-alignment);text-transform: var(--awb-text-transform)\">\u2022 Jugendliche ermutigen, indem sie erleben, dass ihr <b>Einsatz f\u00fcr Nachhaltigkeit <\/b>Strukturen ver\u00e4ndern kann.<\/p>\n<\/div><div class=\"fusion-clearfix\"><\/div><\/div><\/div><div class=\"fusion-layout-column fusion_builder_column fusion-builder-column-17 fusion_builder_column_1_4 1_4 fusion-one-fourth fusion-column-last\" style=\"--awb-bg-size:cover;width:25%;width:calc(25% - ( ( 4% + 4% ) * 0.25 ) );\"><div class=\"fusion-column-wrapper fusion-column-has-shadow fusion-flex-column-wrapper-legacy\"><div class=\"fusion-image-element fusion-image-align-center in-legacy-container\" style=\"text-align:center;--awb-max-width:300px;--awb-caption-title-font-family:var(--h2_typography-font-family);--awb-caption-title-font-weight:var(--h2_typography-font-weight);--awb-caption-title-font-style:var(--h2_typography-font-style);--awb-caption-title-size:var(--h2_typography-font-size);--awb-caption-title-transform:var(--h2_typography-text-transform);--awb-caption-title-line-height:var(--h2_typography-line-height);--awb-caption-title-letter-spacing:var(--h2_typography-letter-spacing);\"><div class=\"imageframe-align-center\"><span class=\" fusion-imageframe imageframe-none imageframe-7 hover-type-none\"><img decoding=\"async\" width=\"500\" height=\"567\" title=\"O\u0308sterreich\" src=\"https:\/\/www.missio.at\/jugendaktion\/wp-content\/uploads\/sites\/4\/2022\/08\/O\u0308sterreich.png\" alt class=\"img-responsive wp-image-13642\" srcset=\"https:\/\/www.missio.at\/jugendaktion\/wp-content\/uploads\/2022\/08\/O\u0308sterreich-200x227.png 200w, https:\/\/www.missio.at\/jugendaktion\/wp-content\/uploads\/2022\/08\/O\u0308sterreich-400x454.png 400w, https:\/\/www.missio.at\/jugendaktion\/wp-content\/uploads\/2022\/08\/O\u0308sterreich.png 500w\" sizes=\"(max-width: 800px) 100vw, 400px\" \/><\/span><\/div><\/div><div class=\"fusion-sep-clear\"><\/div><div class=\"fusion-separator fusion-full-width-sep\" style=\"margin-left: auto;margin-right: auto;margin-top:30px;width:100%;\"><\/div><div class=\"fusion-sep-clear\"><\/div><div class=\"fusion-image-element in-legacy-container\" style=\"--awb-margin-top:30px;--awb-max-width:350px;--awb-caption-title-font-family:var(--h2_typography-font-family);--awb-caption-title-font-weight:var(--h2_typography-font-weight);--awb-caption-title-font-style:var(--h2_typography-font-style);--awb-caption-title-size:var(--h2_typography-font-size);--awb-caption-title-transform:var(--h2_typography-text-transform);--awb-caption-title-line-height:var(--h2_typography-line-height);--awb-caption-title-letter-spacing:var(--h2_typography-letter-spacing);\"><span class=\" fusion-imageframe imageframe-dropshadow imageframe-8 hover-type-none\" style=\"border:8px solid #f6f6f6;-webkit-box-shadow: 3px 3px 7px rgba(0,0,0,0.3);box-shadow: 3px 3px 7px rgba(0,0,0,0.3);\"><img decoding=\"async\" width=\"1920\" height=\"2560\" title=\"Rafael Haigermoser, Vorsitzender der Katholischen Jugend \u00d6sterreich\" src=\"https:\/\/www.missio.at\/jugendaktion\/wp-content\/uploads\/sites\/4\/2024\/08\/credit_KJOe_Matthias-Ludwar_IMG_0190-scaled.jpeg\" alt class=\"img-responsive wp-image-18794\" srcset=\"https:\/\/www.missio.at\/jugendaktion\/wp-content\/uploads\/2024\/08\/credit_KJOe_Matthias-Ludwar_IMG_0190-200x267.jpeg 200w, https:\/\/www.missio.at\/jugendaktion\/wp-content\/uploads\/2024\/08\/credit_KJOe_Matthias-Ludwar_IMG_0190-400x533.jpeg 400w, https:\/\/www.missio.at\/jugendaktion\/wp-content\/uploads\/2024\/08\/credit_KJOe_Matthias-Ludwar_IMG_0190-600x800.jpeg 600w, https:\/\/www.missio.at\/jugendaktion\/wp-content\/uploads\/2024\/08\/credit_KJOe_Matthias-Ludwar_IMG_0190-800x1067.jpeg 800w, https:\/\/www.missio.at\/jugendaktion\/wp-content\/uploads\/2024\/08\/credit_KJOe_Matthias-Ludwar_IMG_0190-1200x1600.jpeg 1200w, https:\/\/www.missio.at\/jugendaktion\/wp-content\/uploads\/2024\/08\/credit_KJOe_Matthias-Ludwar_IMG_0190-scaled.jpeg 1920w\" sizes=\"(max-width: 800px) 100vw, 400px\" \/><\/span><\/div><div class=\"fusion-clearfix\"><\/div><\/div><\/div><div class=\"fusion-layout-column fusion_builder_column fusion-builder-column-18 fusion_builder_column_1_4 1_4 fusion-one-fourth fusion-column-first\" style=\"--awb-bg-size:cover;width:25%;width:calc(25% - ( ( 4% ) * 0.25 ) );margin-right: 4%;\"><div class=\"fusion-column-wrapper fusion-column-has-shadow fusion-flex-column-wrapper-legacy\"><div class=\"fusion-clearfix\"><\/div><\/div><\/div><div class=\"fusion-layout-column fusion_builder_column fusion-builder-column-19 fusion_builder_column_2_3 2_3 fusion-two-third fusion-column-last\" style=\"--awb-bg-size:cover;width:66.666666666667%;width:calc(66.666666666667% - ( ( 4% ) * 0.66666666666667 ) );\"><div class=\"fusion-column-wrapper fusion-column-has-shadow fusion-flex-column-wrapper-legacy\"><div class=\"fusion-clearfix\"><\/div><\/div><\/div><\/div><\/div><div class=\"fusion-fullwidth fullwidth-box fusion-builder-row-9 has-pattern-background has-mask-background hundred-percent-fullwidth non-hundred-percent-height-scrolling fusion-no-medium-visibility fusion-no-large-visibility\" style=\"--awb-border-sizes-left:2;--awb-border-sizes-right:2;--awb-border-radius-top-left:0px;--awb-border-radius-top-right:0px;--awb-border-radius-bottom-right:0px;--awb-border-radius-bottom-left:0px;--awb-padding-top:20px;--awb-padding-left:21px;--awb-background-color:#eaf0d6;--awb-flex-wrap:wrap;\" ><div class=\"fusion-builder-row fusion-row\"><div class=\"fusion-layout-column fusion_builder_column fusion-builder-column-20 fusion_builder_column_1_1 1_1 fusion-one-full fusion-column-first fusion-column-last\" style=\"--awb-bg-size:cover;\"><div class=\"fusion-column-wrapper fusion-column-has-shadow fusion-flex-column-wrapper-legacy\"><div class=\"fusion-text fusion-text-5\"><p>Auch zehn Jahre nach dem p\u00e4pstlichen Schreiben bleibt die Frage aktuell. Gerade in Krisenzeiten ist Franziskus Vision f\u00fcr gerechtes und nachhaltiges Zusammenleben wichtiger denn je.<\/p>\n<p>Die Katholische Jugend \u00d6sterreich macht mit einer neuen Handreichung auf Laudato si aufmerksam und motiviert Jugendliche zu aktivem Einsatz. Gro\u00dfe und kleine Schritte z\u00e4hlen dabei &#8211; die vorgestellten Methoden laden ein, allt\u00e4gliche Konflikte spielerisch neu zu betrachten und so k\u00fcnftig besser damit umzugehen.<\/p>\n<\/div><div class=\"accordian fusion-accordian\" style=\"--awb-border-size:1px;--awb-icon-size:13px;--awb-content-font-size:18px;--awb-icon-alignment:left;--awb-hover-color:var(--awb-color1);--awb-border-color:#2b2b2b;--awb-background-color:var(--awb-custom_color_4);--awb-divider-color:#e0dede;--awb-divider-hover-color:#e0dede;--awb-icon-color:var(--awb-custom_color_4);--awb-title-color:#acc957;--awb-content-color:#000000;--awb-icon-box-color:#333333;--awb-toggle-hover-accent-color:var(--awb-color8);--awb-title-font-family:&quot;Open Sans&quot;;--awb-title-font-weight:700;--awb-title-font-style:normal;--awb-title-font-size:19px;--awb-content-font-family:&quot;Open Sans&quot;;--awb-content-font-style:normal;--awb-content-font-weight:400;\"><div class=\"panel-group fusion-toggle-icon-boxed\" id=\"accordion-12939-3\"><div class=\"fusion-panel panel-default panel-8ab8804330e4fd8a4 fusion-toggle-no-divider fusion-toggle-boxed-mode\" style=\"--awb-title-color:var(--awb-custom11);\"><div class=\"panel-heading\"><h4 class=\"panel-title toggle\" id=\"toggle_8ab8804330e4fd8a4\"><a aria-expanded=\"false\" aria-controls=\"8ab8804330e4fd8a4\" role=\"button\" data-toggle=\"collapse\" data-parent=\"#accordion-12939-3\" data-target=\"#8ab8804330e4fd8a4\" href=\"#8ab8804330e4fd8a4\"><span class=\"fusion-toggle-icon-wrapper\" aria-hidden=\"true\"><i class=\"fa-fusion-box active-icon awb-icon-minus\" aria-hidden=\"true\"><\/i><i class=\"fa-fusion-box inactive-icon awb-icon-plus\" aria-hidden=\"true\"><\/i><\/span><span class=\"fusion-toggle-heading\">Hier findet ihr die Methoden:<\/span><\/a><\/h4><\/div><div id=\"8ab8804330e4fd8a4\" class=\"panel-collapse collapse \" aria-labelledby=\"toggle_8ab8804330e4fd8a4\"><div class=\"panel-body toggle-content fusion-clearfix\">\n<p><strong>Einstieg &amp; Auflockerung: <\/strong>Was machst du da?<\/p>\n<p>Personenanzahl: ab 2 Personen<br \/>\nAlter: Ab 12 Jahren<br \/>\nDauer: ca. 5-10 min<br \/>\nBen\u00f6tigte Materialien: keines<br \/>\nRaumvoraussetzungen: keine besonderen Voraussetzungen<\/p>\n<p><strong>Beschreibung:<\/strong><br \/>\nDie Teilnehmenden gehen paarweise zusammen. A fragt B: \u201eWas machst du da?\u201c. B antwortet zum Beispiel \u201eZ\u00e4hne putzen\u201c. Daraufhin beginnt A, Z\u00e4hne putzen pantomimisch darzustellen. Nach ca 10 Sekunden stellt B die Frage an A: \u201eWas machst du da?\u201c. Nun stellt B das Gesagte pantomimisch dar und so weiter. W\u00e4hrend des Fragens werden die jeweiligen T\u00e4tigkeiten nicht unterbrochen.<\/p>\n<p><strong>Zusatz:<\/strong><br \/>\nDas Spiel kann auch mit mehr Personen pro Gruppe oder als eine gro\u00dfe Gruppe gespielt werden. Dabei kann die Frage \u201eWas machst du da?\u201c in beliebiger Reihenfolge gestellt werden.<br \/>\n___________________________________________________________________________<\/p>\n<p><strong>Vertiefung:<\/strong> Forumtheater<\/p>\n<p>Personenanzahl: ab 4 Personen<br \/>\nAlter: Ab 14 Jahren<br \/>\nDauer: ca. 60 min<br \/>\nBen\u00f6tigte Materialien: keines<br \/>\nRaumvoraussetzungen: keine besonderen Voraussetzungen<\/p>\n<p><strong>Beschreibung:<\/strong><br \/>\nDie Teilnehmenden teilen sich in Kleingruppen auf. Jede Kleingruppe \u00fcberlegt sich gemeinsam eine Situation, die ein Gruppenmitglied erlebt hat, die f\u00fcr sie*ihn unangenehm war und einen Konflikt ergeben hat. Zus\u00e4tzlich \u00fcberlegt sich jede Kleingruppe, wie die Situation h\u00e4tte ablaufen k\u00f6nnen, sodass sie positiv bzw. ohne<br \/>\nKonflikt endet. Bei den L\u00f6sungsans\u00e4tzen soll immer wieder die Verbindung zur Realit\u00e4t geschaffen werden \u2013 ist so eine L\u00f6sung m\u00f6glich oder ein reines \u201eHirngespinst\u201c? Was muss passieren bzw. was m\u00fcssen die Beteiligten tun, um die L\u00f6sungen verwirklichen zu k\u00f6nnen?<br \/>\nAnschlie\u00dfend spielt jede Kleingruppe den anderen Teilnehmenden ihre zwei Varianten der Situation vor.<br \/>\nDanach k\u00f6nnen die Teilnehmenden \u00fcber die verschiedenen Varianten und die Hintergr\u00fcnde des Verhaltens der Beteiligten diskutieren. Daraufhin stellt die n\u00e4chste Kleingruppe die zwei Varianten ihrer Situation vor und so weiter.<\/p>\n<p><strong>Zusatz:<\/strong><br \/>\nEine andere M\u00f6glichkeit ist, nur die Konfliktsituation zu \u00fcberlegen und vorzuspielen. Danach beginnt die Kleingruppe von vorne &#8211; dieses Mal k\u00f6nnen die Zuschauenden aber an jeder gew\u00fcnschten Stelle die Situation stoppen, in die Szene einsteigen und die Rolle einer Person \u00fcbernehmen. Sie spielen die Situation nach ihren Vorstellungen weiter, um den Konflikt zu l\u00f6sen. Auch hier soll bedacht werden, dass die L\u00f6sungen realistisch sind. Es k\u00f6nnen beliebig viele Darsteller*innen ausgetauscht bzw. Szenen in ver\u00e4nderter Form wiederholt werden. Die verschiedenen L\u00f6sungsmuster werden danach gemeinsam reflektiert.<br \/>\n___________________________________________________________________________<\/p>\n<p><strong>Abschluss:<\/strong> Kofferreflexion<br \/>\nPersonenanzahl: ab 2 Personen<br \/>\nAlter: Ab 12 Jahren<br \/>\nDauer: ca. 10 &#8211; 15 min<br \/>\nBen\u00f6tigte Materialien: keines; optional: Stifte und Papier<br \/>\nRaumvoraussetzungen: keine besonderen Voraussetzungen<\/p>\n<p><strong>Beschreibung:<\/strong><br \/>\nDie Gruppe kommt im Kreis zusammen. Die Gruppenleitung stellt drei Gegenst\u00e4nde vor, die imagin\u00e4r im Raum platziert werden:<br \/>\n\u2022 Koffer: \u201edas nehme ich mit\u201c \u2013 positive Erfahrungen, die ich mitnehme, die ich umsetzen m\u00f6chte,\u2026<br \/>\n\u2022 K\u00fcbel: \u201edas lasse ich hier\u201c \u2013 negative Dinge, die mir nicht gefallen haben, wo ich mir etwas anderes gew\u00fcnscht h\u00e4tte, \u2026<br \/>\n\u2022 Ablagekorb: \u201edamit kann ich gerade nichts anfangen\u201c \u2013 neutrale Erfahrungen, die ich im Moment noch nicht einordnen kann, \u00fcber die ich sp\u00e4ter nochmal nachdenke<\/p>\n<p>Die Teilnehmenden bekommen ca. 5 Minuten Zeit, um \u00fcber das heute Erlebte nachzudenken und es optional aufzuschreiben. Wenn alle damit fertig sind, sind alle Teilnehmenden dazu eingeladen, nacheinander zu einem der drei Gegenst\u00e4nde zu gehen und ihre Gedanken mit der Gruppe zu teilen oder im Stillen zu reflektieren.<br \/>\n___________________________________________________________________________<\/p>\n<p><a href=\"https:\/\/www.missio.at\/jugendaktion\/wp-content\/uploads\/sites\/4\/2025\/09\/KJOe_Methoden_JUGENDAKTION-2025.pdf\" target=\"_blank\" rel=\"noopener\">Methoden downloaden<\/a><\/p>\n<\/div><\/div><\/div><\/div><\/div><div class=\"fusion-text fusion-text-6\"><p><b>\u201eKlimakrise, Krieg, gesellschaftliche Spaltung &#8211; wir k\u00f6nnen die heutigen Probleme nur gemeinsam l\u00f6sen. F\u00fcr diese gesellschaftlichen Ver\u00e4nderungen tragen Politik und Wirtschaft gro\u00dfe Verantwortung, gleichzeitig haben gerade junge Menschen in den letzten Jahren viel zum positiven Wandel beigetragen. Wir wollen Jugendliche darin best\u00e4rken, sich weiterhin f\u00fcr eine bessere Welt einzusetzen und ihnen daf\u00fcr Handlungsm\u00f6glichkeiten aufzeigen.\u201c<\/b><\/p>\n<p><em>Rafael Haigermoser, <\/em><span style=\"font-family: var(--awb-text-font-family);font-size: var(--awb-font-size);font-style: var(--awb-text-font-style);letter-spacing: var(--awb-letter-spacing);text-align: var(--awb-content-alignment);text-transform: var(--awb-text-transform)\">ehrenamtlicher Vorsitzender der Katholischen Jugend \u00d6sterreich<\/span><\/p>\n<h3 class=\"fusion-responsive-typography-calculated\" style=\"--fontsize: 22;line-height: 1.5;--minfontsize: 22\" data-fontsize=\"22\" data-lineheight=\"33px\"><span style=\"font-family: var(--awb-text-font-family);font-size: var(--awb-font-size);font-style: var(--awb-text-font-style);font-weight: var(--awb-text-font-weight);letter-spacing: var(--awb-letter-spacing);text-align: var(--awb-content-alignment);text-transform: var(--awb-text-transform)\">Zus\u00e4tzlich engagiert sich die Katholische Jugend \u00d6sterreich mit anderen Jugendverb\u00e4nden f\u00fcr nachhaltige Vereinsarbeit. Im Rahmen des Projekts wollen wir:<\/span><\/h3>\n<p>\u2022 <span style=\"font-family: var(--awb-text-font-family);font-size: var(--awb-font-size);font-style: var(--awb-text-font-style);letter-spacing: var(--awb-letter-spacing);text-align: var(--awb-content-alignment);text-transform: var(--awb-text-transform)\"><b>Mutig vorangehen<\/b> und gemeinsam mit anderen <\/span><span style=\"font-family: var(--awb-text-font-family);font-size: var(--awb-font-size);font-style: var(--awb-text-font-style);letter-spacing: var(--awb-letter-spacing);text-align: var(--awb-content-alignment);text-transform: var(--awb-text-transform)\">Jugendverb\u00e4nden nachhaltige Vereinsarbeit vorleben.<\/span><\/p>\n<p style=\"font-family: var(--awb-text-font-family);font-size: var(--awb-font-size);font-style: var(--awb-text-font-style);letter-spacing: var(--awb-letter-spacing);text-align: var(--awb-content-alignment);text-transform: var(--awb-text-transform)\">\u2022 Niederschwellige Wege zur Analyse und <b>Verbesserung der eigenen Vereinsarbeit aufzeigen,<\/b><\/p>\n<p style=\"font-family: var(--awb-text-font-family);font-size: var(--awb-font-size);font-style: var(--awb-text-font-style);letter-spacing: var(--awb-letter-spacing);text-align: var(--awb-content-alignment);text-transform: var(--awb-text-transform)\">\u2022 Jugendliche bef\u00e4higen, sich aktiv dort einzubringen, wo sie <b>mitgestalten k\u00f6nnen <\/b>(z. B. bei Gruppenaktivit\u00e4ten).<\/p>\n<p style=\"font-family: var(--awb-text-font-family);font-size: var(--awb-font-size);font-style: var(--awb-text-font-style);letter-spacing: var(--awb-letter-spacing);text-align: var(--awb-content-alignment);text-transform: var(--awb-text-transform)\">\u2022 <b>Know-how aufbauen<\/b>, das auch in Schule oder Beruf anwendbar ist.<\/p>\n<p style=\"font-family: var(--awb-text-font-family);font-size: var(--awb-font-size);font-style: var(--awb-text-font-style);letter-spacing: var(--awb-letter-spacing);text-align: var(--awb-content-alignment);text-transform: var(--awb-text-transform)\">\u2022 Jugendliche ermutigen, indem sie erleben, dass ihr <b>Einsatz f\u00fcr Nachhaltigkeit <\/b>Strukturen ver\u00e4ndern kann.<\/p>\n<\/div><div class=\"fusion-image-element fusion-no-medium-visibility fusion-no-large-visibility in-legacy-container\" style=\"--awb-caption-title-font-family:var(--h2_typography-font-family);--awb-caption-title-font-weight:var(--h2_typography-font-weight);--awb-caption-title-font-style:var(--h2_typography-font-style);--awb-caption-title-size:var(--h2_typography-font-size);--awb-caption-title-transform:var(--h2_typography-text-transform);--awb-caption-title-line-height:var(--h2_typography-line-height);--awb-caption-title-letter-spacing:var(--h2_typography-letter-spacing);\"><span class=\" fusion-imageframe imageframe-dropshadow imageframe-9 hover-type-none\" style=\"border:6px solid #f6f6f6;-webkit-box-shadow: 3px 3px 7px rgba(0,0,0,0.3);box-shadow: 3px 3px 7px rgba(0,0,0,0.3);\"><img decoding=\"async\" width=\"2560\" height=\"1703\" src=\"https:\/\/www.missio.at\/jugendaktion\/wp-content\/uploads\/sites\/4\/2024\/08\/DSC_5446-scaled.jpg\" alt class=\"img-responsive wp-image-18615\" srcset=\"https:\/\/www.missio.at\/jugendaktion\/wp-content\/uploads\/2024\/08\/DSC_5446-200x133.jpg 200w, https:\/\/www.missio.at\/jugendaktion\/wp-content\/uploads\/2024\/08\/DSC_5446-400x266.jpg 400w, https:\/\/www.missio.at\/jugendaktion\/wp-content\/uploads\/2024\/08\/DSC_5446-600x399.jpg 600w, https:\/\/www.missio.at\/jugendaktion\/wp-content\/uploads\/2024\/08\/DSC_5446-800x532.jpg 800w, https:\/\/www.missio.at\/jugendaktion\/wp-content\/uploads\/2024\/08\/DSC_5446-1200x798.jpg 1200w, https:\/\/www.missio.at\/jugendaktion\/wp-content\/uploads\/2024\/08\/DSC_5446-scaled.jpg 2560w\" sizes=\"(max-width: 800px) 100vw, 2560px\" \/><\/span><\/div><div class=\"fusion-image-element in-legacy-container\" style=\"--awb-margin-top:30px;--awb-caption-title-font-family:var(--h2_typography-font-family);--awb-caption-title-font-weight:var(--h2_typography-font-weight);--awb-caption-title-font-style:var(--h2_typography-font-style);--awb-caption-title-size:var(--h2_typography-font-size);--awb-caption-title-transform:var(--h2_typography-text-transform);--awb-caption-title-line-height:var(--h2_typography-line-height);--awb-caption-title-letter-spacing:var(--h2_typography-letter-spacing);\"><span class=\" fusion-imageframe imageframe-dropshadow imageframe-10 hover-type-none\" style=\"border:6px solid #f6f6f6;-webkit-box-shadow: 3px 3px 7px rgba(0,0,0,0.3);box-shadow: 3px 3px 7px rgba(0,0,0,0.3);\"><img decoding=\"async\" width=\"2560\" height=\"1703\" src=\"https:\/\/www.missio.at\/jugendaktion\/wp-content\/uploads\/sites\/4\/2022\/08\/DSC_5462-scaled.jpg\" alt class=\"img-responsive wp-image-18799\" srcset=\"https:\/\/www.missio.at\/jugendaktion\/wp-content\/uploads\/2022\/08\/DSC_5462-200x133.jpg 200w, https:\/\/www.missio.at\/jugendaktion\/wp-content\/uploads\/2022\/08\/DSC_5462-400x266.jpg 400w, https:\/\/www.missio.at\/jugendaktion\/wp-content\/uploads\/2022\/08\/DSC_5462-600x399.jpg 600w, https:\/\/www.missio.at\/jugendaktion\/wp-content\/uploads\/2022\/08\/DSC_5462-800x532.jpg 800w, https:\/\/www.missio.at\/jugendaktion\/wp-content\/uploads\/2022\/08\/DSC_5462-1200x798.jpg 1200w, https:\/\/www.missio.at\/jugendaktion\/wp-content\/uploads\/2022\/08\/DSC_5462-scaled.jpg 2560w\" sizes=\"(max-width: 800px) 100vw, 2560px\" \/><\/span><\/div><div class=\"fusion-image-element fusion-no-medium-visibility fusion-no-large-visibility in-legacy-container\" style=\"--awb-margin-top:30px;--awb-max-width:350px;--awb-caption-title-font-family:var(--h2_typography-font-family);--awb-caption-title-font-weight:var(--h2_typography-font-weight);--awb-caption-title-font-style:var(--h2_typography-font-style);--awb-caption-title-size:var(--h2_typography-font-size);--awb-caption-title-transform:var(--h2_typography-text-transform);--awb-caption-title-line-height:var(--h2_typography-line-height);--awb-caption-title-letter-spacing:var(--h2_typography-letter-spacing);\"><span class=\" fusion-imageframe imageframe-dropshadow imageframe-11 hover-type-none\" style=\"border:8px solid #f6f6f6;-webkit-box-shadow: 3px 3px 7px rgba(0,0,0,0.3);box-shadow: 3px 3px 7px rgba(0,0,0,0.3);\"><img decoding=\"async\" width=\"1920\" height=\"2560\" title=\"Rafael Haigermoser, Vorsitzender der Katholischen Jugend \u00d6sterreich\" src=\"https:\/\/www.missio.at\/jugendaktion\/wp-content\/uploads\/sites\/4\/2024\/08\/credit_KJOe_Matthias-Ludwar_IMG_0190-scaled.jpeg\" alt class=\"img-responsive wp-image-18794\" srcset=\"https:\/\/www.missio.at\/jugendaktion\/wp-content\/uploads\/2024\/08\/credit_KJOe_Matthias-Ludwar_IMG_0190-200x267.jpeg 200w, https:\/\/www.missio.at\/jugendaktion\/wp-content\/uploads\/2024\/08\/credit_KJOe_Matthias-Ludwar_IMG_0190-400x533.jpeg 400w, https:\/\/www.missio.at\/jugendaktion\/wp-content\/uploads\/2024\/08\/credit_KJOe_Matthias-Ludwar_IMG_0190-600x800.jpeg 600w, https:\/\/www.missio.at\/jugendaktion\/wp-content\/uploads\/2024\/08\/credit_KJOe_Matthias-Ludwar_IMG_0190-800x1067.jpeg 800w, https:\/\/www.missio.at\/jugendaktion\/wp-content\/uploads\/2024\/08\/credit_KJOe_Matthias-Ludwar_IMG_0190-1200x1600.jpeg 1200w, https:\/\/www.missio.at\/jugendaktion\/wp-content\/uploads\/2024\/08\/credit_KJOe_Matthias-Ludwar_IMG_0190-scaled.jpeg 1920w\" sizes=\"(max-width: 800px) 100vw, 1920px\" \/><\/span><\/div><div class=\"fusion-clearfix\"><\/div><\/div><\/div><div class=\"fusion-layout-column fusion_builder_column fusion-builder-column-21 fusion_builder_column_1_3 1_3 fusion-one-third fusion-column-first\" style=\"--awb-bg-size:cover;width:33.333333333333%;width:calc(33.333333333333% - ( ( 4% ) * 0.33333333333333 ) );margin-right: 4%;\"><div class=\"fusion-column-wrapper fusion-column-has-shadow fusion-flex-column-wrapper-legacy\"><div class=\"fusion-sep-clear\"><\/div><div class=\"fusion-separator fusion-full-width-sep\" style=\"margin-left: auto;margin-right: auto;margin-top:30px;width:100%;\"><\/div><div class=\"fusion-sep-clear\"><\/div><div class=\"fusion-clearfix\"><\/div><\/div><\/div><\/div><\/div><div class=\"fusion-fullwidth fullwidth-box fusion-builder-row-10 has-pattern-background has-mask-background hundred-percent-fullwidth non-hundred-percent-height-scrolling fusion-no-small-visibility\" style=\"--awb-border-radius-top-left:0px;--awb-border-radius-top-right:0px;--awb-border-radius-bottom-right:0px;--awb-border-radius-bottom-left:0px;--awb-padding-top:20px;--awb-padding-right:10%;--awb-padding-left:9%;--awb-background-color:var(--awb-custom_color_7);--awb-flex-wrap:wrap;\" ><div class=\"fusion-builder-row fusion-row\"><div class=\"fusion-layout-column fusion_builder_column fusion-builder-column-22 fusion_builder_column_1_2 1_2 fusion-one-half fusion-column-first fusion-no-small-visibility\" style=\"--awb-bg-size:cover;width:50%;width:calc(50% - ( ( 4% ) * 0.5 ) );margin-right: 4%;\"><div class=\"fusion-column-wrapper fusion-column-has-shadow fusion-flex-column-wrapper-legacy\"><div class=\"fusion-text fusion-text-7\" style=\"--awb-line-height:1.4;--awb-text-color:#ffffff;--awb-margin-top:6%;\"><p>Eine Aktion von Missio \u00d6sterreich &amp; Missio Service GmbH<br \/>\nmit freundlicher Unterst\u00fctzung von<\/p>\n<\/div><div class=\"fusion-clearfix\"><\/div><\/div><\/div><div class=\"fusion-layout-column fusion_builder_column fusion-builder-column-23 fusion_builder_column_1_2 1_2 fusion-one-half fusion-column-last\" style=\"--awb-bg-size:cover;width:50%;width:calc(50% - ( ( 4% ) * 0.5 ) );\"><div class=\"fusion-column-wrapper fusion-column-has-shadow fusion-flex-column-wrapper-legacy\"><div class=\"fusion-builder-row fusion-builder-row-inner fusion-row\"><div class=\"fusion-layout-column fusion_builder_column_inner fusion-builder-nested-column-0 fusion_builder_column_inner_1_2 1_2 fusion-one-half fusion-column-first\" style=\"--awb-bg-size:cover;width:50%;width:calc(50% - ( ( 4% ) * 0.5 ) );margin-right: 4%;\"><div class=\"fusion-column-wrapper fusion-column-has-shadow fusion-flex-column-wrapper-legacy\"><div class=\"fusion-image-element in-legacy-container\" style=\"--awb-caption-title-font-family:var(--h2_typography-font-family);--awb-caption-title-font-weight:var(--h2_typography-font-weight);--awb-caption-title-font-style:var(--h2_typography-font-style);--awb-caption-title-size:var(--h2_typography-font-size);--awb-caption-title-transform:var(--h2_typography-text-transform);--awb-caption-title-line-height:var(--h2_typography-line-height);--awb-caption-title-letter-spacing:var(--h2_typography-letter-spacing);\"><span class=\" fusion-imageframe imageframe-none imageframe-12 hover-type-none\"><a class=\"fusion-no-lightbox\" href=\"https:\/\/www.katholische-jugend.at\/\" target=\"_blank\" aria-label=\"KJ\" rel=\"noopener noreferrer\"><img decoding=\"async\" width=\"628\" height=\"270\" src=\"https:\/\/www.missio.at\/jugendaktion\/wp-content\/uploads\/sites\/4\/2022\/08\/KJ.png\" alt class=\"img-responsive wp-image-13927\" srcset=\"https:\/\/www.missio.at\/jugendaktion\/wp-content\/uploads\/2022\/08\/KJ-200x86.png 200w, https:\/\/www.missio.at\/jugendaktion\/wp-content\/uploads\/2022\/08\/KJ-400x172.png 400w, https:\/\/www.missio.at\/jugendaktion\/wp-content\/uploads\/2022\/08\/KJ-600x258.png 600w, https:\/\/www.missio.at\/jugendaktion\/wp-content\/uploads\/2022\/08\/KJ.png 628w\" sizes=\"(max-width: 800px) 100vw, 600px\" \/><\/a><\/span><\/div><div class=\"fusion-clearfix\"><\/div><\/div><\/div><div class=\"fusion-layout-column fusion_builder_column_inner fusion-builder-nested-column-1 fusion_builder_column_inner_1_2 1_2 fusion-one-half fusion-column-last\" style=\"--awb-bg-size:cover;width:50%;width:calc(50% - ( ( 4% ) * 0.5 ) );\"><div class=\"fusion-column-wrapper fusion-column-has-shadow fusion-flex-column-wrapper-legacy\"><div class=\"fusion-image-element in-legacy-container\" style=\"--awb-caption-title-font-family:var(--h2_typography-font-family);--awb-caption-title-font-weight:var(--h2_typography-font-weight);--awb-caption-title-font-style:var(--h2_typography-font-style);--awb-caption-title-size:var(--h2_typography-font-size);--awb-caption-title-transform:var(--h2_typography-text-transform);--awb-caption-title-line-height:var(--h2_typography-line-height);--awb-caption-title-letter-spacing:var(--h2_typography-letter-spacing);\"><span class=\" fusion-imageframe imageframe-none imageframe-13 hover-type-none\"><a class=\"fusion-no-lightbox\" href=\"https:\/\/jakob.or.at\/\" target=\"_blank\" aria-label=\"Jakob\" rel=\"noopener noreferrer\"><img decoding=\"async\" width=\"621\" height=\"270\" src=\"https:\/\/www.missio.at\/jugendaktion\/wp-content\/uploads\/sites\/4\/2022\/08\/Jakob.png\" alt class=\"img-responsive wp-image-13926\" srcset=\"https:\/\/www.missio.at\/jugendaktion\/wp-content\/uploads\/2022\/08\/Jakob-200x87.png 200w, https:\/\/www.missio.at\/jugendaktion\/wp-content\/uploads\/2022\/08\/Jakob-400x174.png 400w, https:\/\/www.missio.at\/jugendaktion\/wp-content\/uploads\/2022\/08\/Jakob-600x261.png 600w, https:\/\/www.missio.at\/jugendaktion\/wp-content\/uploads\/2022\/08\/Jakob.png 621w\" sizes=\"(max-width: 800px) 100vw, 600px\" \/><\/a><\/span><\/div><div class=\"fusion-clearfix\"><\/div><\/div><\/div><\/div><div class=\"fusion-clearfix\"><\/div><\/div><\/div><\/div><\/div><div class=\"fusion-fullwidth fullwidth-box fusion-builder-row-11 has-pattern-background has-mask-background hundred-percent-fullwidth non-hundred-percent-height-scrolling fusion-no-medium-visibility fusion-no-large-visibility\" style=\"--awb-border-radius-top-left:0px;--awb-border-radius-top-right:0px;--awb-border-radius-bottom-right:0px;--awb-border-radius-bottom-left:0px;--awb-padding-top:20px;--awb-padding-right:20%;--awb-padding-left:12%;--awb-background-color:#9e87be;--awb-flex-wrap:wrap;\" ><div class=\"fusion-builder-row fusion-row\"><div class=\"fusion-layout-column fusion_builder_column fusion-builder-column-24 fusion_builder_column_1_1 1_1 fusion-one-full fusion-column-first fusion-column-last fusion-no-medium-visibility fusion-no-large-visibility\" style=\"--awb-bg-size:cover;\"><div class=\"fusion-column-wrapper fusion-column-has-shadow fusion-flex-column-wrapper-legacy\"><div class=\"fusion-text fusion-text-8 fusion-no-medium-visibility fusion-no-large-visibility\" style=\"--awb-line-height:1.4;--awb-text-color:#ffffff;--awb-margin-top:8%;\"><p style=\"text-align: center\">Eine Aktion von Missio \u00d6sterreich &amp; Missio Service GmbH<br \/>\nmit freundlicher Unterst\u00fctzung von<\/p>\n<\/div><div class=\"fusion-clearfix\"><\/div><\/div><\/div><div class=\"fusion-layout-column fusion_builder_column fusion-builder-column-25 fusion_builder_column_1_1 1_1 fusion-one-full fusion-column-first fusion-column-last\" style=\"--awb-bg-size:cover;\"><div class=\"fusion-column-wrapper fusion-column-has-shadow fusion-flex-column-wrapper-legacy\"><div class=\"fusion-image-element in-legacy-container\" style=\"--awb-caption-title-font-family:var(--h2_typography-font-family);--awb-caption-title-font-weight:var(--h2_typography-font-weight);--awb-caption-title-font-style:var(--h2_typography-font-style);--awb-caption-title-size:var(--h2_typography-font-size);--awb-caption-title-transform:var(--h2_typography-text-transform);--awb-caption-title-line-height:var(--h2_typography-line-height);--awb-caption-title-letter-spacing:var(--h2_typography-letter-spacing);\"><span class=\" fusion-imageframe imageframe-none imageframe-14 hover-type-none\"><img decoding=\"async\" width=\"721\" height=\"168\" src=\"https:\/\/www.missio.at\/jugendaktion\/wp-content\/uploads\/sites\/4\/2022\/08\/kj-jakob.png\" alt class=\"img-responsive wp-image-13240\" srcset=\"https:\/\/www.missio.at\/jugendaktion\/wp-content\/uploads\/2022\/08\/kj-jakob-200x47.png 200w, https:\/\/www.missio.at\/jugendaktion\/wp-content\/uploads\/2022\/08\/kj-jakob-400x93.png 400w, https:\/\/www.missio.at\/jugendaktion\/wp-content\/uploads\/2022\/08\/kj-jakob-600x140.png 600w, https:\/\/www.missio.at\/jugendaktion\/wp-content\/uploads\/2022\/08\/kj-jakob.png 721w\" sizes=\"(max-width: 800px) 100vw, 721px\" \/><\/span><\/div><div class=\"fusion-clearfix\"><\/div><\/div><\/div><\/div><\/div><\/p>\n","protected":false},"excerpt":{"rendered":"","protected":false},"author":123,"featured_media":18793,"menu_order":0,"comment_status":"closed","ping_status":"closed","template":"","format":"standard","meta":{"footnotes":""},"portfolio_category":[],"portfolio_skills":[],"portfolio_tags":[845],"class_list":["post-12939","avada_portfolio","type-avada_portfolio","status-publish","format-standard","has-post-thumbnail","hentry","portfolio_tags-hilfsprojekte-ja"],"_links":{"self":[{"href":"https:\/\/www.missio.at\/jugendaktion\/api\/wp\/v2\/avada_portfolio\/12939","targetHints":{"allow":["GET"]}}],"collection":[{"href":"https:\/\/www.missio.at\/jugendaktion\/api\/wp\/v2\/avada_portfolio"}],"about":[{"href":"https:\/\/www.missio.at\/jugendaktion\/api\/wp\/v2\/types\/avada_portfolio"}],"author":[{"embeddable":true,"href":"https:\/\/www.missio.at\/jugendaktion\/api\/wp\/v2\/users\/123"}],"replies":[{"embeddable":true,"href":"https:\/\/www.missio.at\/jugendaktion\/api\/wp\/v2\/comments?post=12939"}],"version-history":[{"count":0,"href":"https:\/\/www.missio.at\/jugendaktion\/api\/wp\/v2\/avada_portfolio\/12939\/revisions"}],"wp:featuredmedia":[{"embeddable":true,"href":"https:\/\/www.missio.at\/jugendaktion\/api\/wp\/v2\/media\/18793"}],"wp:attachment":[{"href":"https:\/\/www.missio.at\/jugendaktion\/api\/wp\/v2\/media?parent=12939"}],"wp:term":[{"taxonomy":"portfolio_category","embeddable":true,"href":"https:\/\/www.missio.at\/jugendaktion\/api\/wp\/v2\/portfolio_category?post=12939"},{"taxonomy":"portfolio_skills","embeddable":true,"href":"https:\/\/www.missio.at\/jugendaktion\/api\/wp\/v2\/portfolio_skills?post=12939"},{"taxonomy":"portfolio_tags","embeddable":true,"href":"https:\/\/www.missio.at\/jugendaktion\/api\/wp\/v2\/portfolio_tags?post=12939"}],"curies":[{"name":"wp","href":"https:\/\/api.w.org\/{rel}","templated":true}]}}